{"version":"1.0","provider_name":"Berney Associ\u00e9s SA","provider_url":"https:\/\/berneyassocies.com\/de","title":"R\u00e9conciliation annuelle de la TVA - Berney Associ\u00e9s SA","type":"rich","width":600,"height":338,"html":"<blockquote class=\"wp-embedded-content\" data-secret=\"PV2EY2Zu5h\"><a href=\"https:\/\/berneyassocies.com\/de\/reconciliation-annuelle-de-la-tva\/\">J\u00e4hrliche Abstimmung der Mehrwertsteuer<\/a><\/blockquote><iframe sandbox=\"allow-scripts\" security=\"restricted\" src=\"https:\/\/berneyassocies.com\/de\/reconciliation-annuelle-de-la-tva\/embed\/#?secret=PV2EY2Zu5h\" width=\"600\" height=\"338\" title=\"&#8222;R\u00e9conciliation annuelle de la TVA&#8220; &#8211; Berney Associ\u00e9s SA\" data-secret=\"PV2EY2Zu5h\" frameborder=\"0\" marginwidth=\"0\" marginheight=\"0\" scrolling=\"no\" class=\"wp-embedded-content\"><\/iframe><script type=\"text\/javascript\">\n\/* <![CDATA[ *\/\n\/*! This file is auto-generated *\/\n!function(d,l){\"use strict\";l.querySelector&&d.addEventListener&&\"undefined\"!=typeof URL&&(d.wp=d.wp||{},d.wp.receiveEmbedMessage||(d.wp.receiveEmbedMessage=function(e){var t=e.data;if((t||t.secret||t.message||t.value)&&!\/[^a-zA-Z0-9]\/.test(t.secret)){for(var s,r,n,a=l.querySelectorAll('iframe[data-secret=\"'+t.secret+'\"]'),o=l.querySelectorAll('blockquote[data-secret=\"'+t.secret+'\"]'),c=new RegExp(\"^https?:$\",\"i\"),i=0;i<o.length;i++)o[i].style.display=\"none\";for(i=0;i<a.length;i++)s=a[i],e.source===s.contentWindow&&(s.removeAttribute(\"style\"),\"height\"===t.message?(1e3<(r=parseInt(t.value,10))?r=1e3:~~r<200&&(r=200),s.height=r):\"link\"===t.message&&(r=new URL(s.getAttribute(\"src\")),n=new URL(t.value),c.test(n.protocol))&&n.host===r.host&&l.activeElement===s&&(d.top.location.href=t.value))}},d.addEventListener(\"message\",d.wp.receiveEmbedMessage,!1),l.addEventListener(\"DOMContentLoaded\",function(){for(var e,t,s=l.querySelectorAll(\"iframe.wp-embedded-content\"),r=0;r<s.length;r++)(t=(e=s[r]).getAttribute(\"data-secret\"))||(t=Math.random().toString(36).substring(2,12),e.src+=\"#?secret=\"+t,e.setAttribute(\"data-secret\",t)),e.contentWindow.postMessage({message:\"ready\",secret:t},\"*\")},!1)))}(window,document);\n\/\/# sourceURL=https:\/\/berneyassocies.com\/wp-includes\/js\/wp-embed.min.js\n\/* ]]> *\/\n<\/script>","thumbnail_url":"https:\/\/berneyassocies.com\/wp-content\/uploads\/2025\/08\/Article_reconciliation_TVA-1.png","thumbnail_width":370,"thumbnail_height":208,"description":"La r\u00e9conciliation annuelle de la TVA est une obligation l\u00e9gale pour toutes les entreprises en Suisse. Avant le 30 ao\u00fbt, assurez la conformit\u00e9 de vos d\u00e9clarations, corrigez les \u00e9carts et \u00e9vitez amendes et int\u00e9r\u00eats gr\u00e2ce \u00e0 nos experts TVA."}