{"id":233145,"date":"2023-06-26T17:34:00","date_gmt":"2023-06-26T15:34:00","guid":{"rendered":"https:\/\/berneyassocies.com\/?post_type=evenement&#038;p=233145"},"modified":"2025-03-21T17:15:37","modified_gmt":"2025-03-21T16:15:37","slug":"reforme-du-droit-des-successions","status":"publish","type":"evenement","link":"https:\/\/berneyassocies.com\/de\/evenement\/reforme-du-droit-des-successions\/","title":{"rendered":"Ein Unternehmen kaufen oder verkaufen: Vorausschauend handeln, keine Gelegenheit verpassen"},"content":{"rendered":"<p>[et_pb_section fb_built=\u00a0\u00bb1&Prime; _builder_version=\u00a0\u00bb4.23.4&Prime; _module_preset=\u00a0\u00bbdefault\u00a0\u00bb background_color=\u00a0\u00bb#002856&Prime; custom_margin=\u00a0\u00bb0px||||false|false\u00a0\u00bb custom_padding=\u00a0\u00bb0px||0px||true|false\u00a0\u00bb da_disable_devices=\u00a0\u00bboff|off|off\u00a0\u00bb global_colors_info=\u00a0\u00bb{}\u00a0\u00bb da_is_popup=\u00a0\u00bboff\u00a0\u00bb da_exit_intent=\u00a0\u00bboff\u00a0\u00bb da_has_close=\u00a0\u00bbon\u00a0\u00bb da_alt_close=\u00a0\u00bboff\u00a0\u00bb da_dark_close=\u00a0\u00bboff\u00a0\u00bb da_not_modal=\u00a0\u00bbon\u00a0\u00bb da_is_singular=\u00a0\u00bboff\u00a0\u00bb da_with_loader=\u00a0\u00bboff\u00a0\u00bb da_has_shadow=\u00a0\u00bbon\u00a0\u00bb][et_pb_row _builder_version=\u00a0\u00bb4.23.4&Prime; _module_preset=\u00a0\u00bbdefault\u00a0\u00bb global_colors_info=\u00a0\u00bb{}\u00a0\u00bb][et_pb_column type=\u00a0\u00bb4_4&Prime; _builder_version=\u00a0\u00bb4.23.4&Prime; _module_preset=\u00a0\u00bbdefault\u00a0\u00bb global_colors_info=\u00a0\u00bb{}\u00a0\u00bb][et_pb_post_title meta=\u00a0\u00bboff\u00a0\u00bb featured_image=\u00a0\u00bboff\u00a0\u00bb _builder_version=\u00a0\u00bb4.25.1&Prime; _module_preset=\u00a0\u00bbdefault\u00a0\u00bb title_text_color=\u00a0\u00bbgcid-8e43273b-69bc-45d5-a817-07da9f1ce23e\u00a0\u00bb title_font_size=\u00a0\u00bb60px\u00a0\u00bb title_line_height=\u00a0\u00bb1.3em\u00a0\u00bb width=\u00a0\u00bb55%\u00a0\u00bb width_tablet=\u00a0\u00bb100%\u00a0\u00bb width_phone=\u00a0\u00bb100%\u00a0\u00bb width_last_edited=\u00a0\u00bbon|desktop\u00a0\u00bb title_font_size_tablet=\u00a0\u00bb40px\u00a0\u00bb title_font_size_phone=\u00a0\u00bb40px\u00a0\u00bb title_font_size_last_edited=\u00a0\u00bbon|tablet\u00a0\u00bb global_colors_info=\u00a0\u00bb{%22gcid-8e43273b-69bc-45d5-a817-07da9f1ce23e%22:%91%22title_text_color%22%93}\u00a0\u00bb][\/et_pb_post_title][\/et_pb_column][\/et_pb_row][\/et_pb_section][et_pb_section fb_built=\u00a0\u00bb1&Prime; disabled_on=\u00a0\u00bboff|off|on\u00a0\u00bb _builder_version=\u00a0\u00bb4.23.4&Prime; _module_preset=\u00a0\u00bbdefault\u00a0\u00bb custom_margin=\u00a0\u00bb||20px||false|false\u00a0\u00bb custom_padding=\u00a0\u00bb0px||0px||true|false\u00a0\u00bb da_disable_devices=\u00a0\u00bboff|off|off\u00a0\u00bb global_colors_info=\u00a0\u00bb{}\u00a0\u00bb da_is_popup=\u00a0\u00bboff\u00a0\u00bb da_exit_intent=\u00a0\u00bboff\u00a0\u00bb da_has_close=\u00a0\u00bbon\u00a0\u00bb da_alt_close=\u00a0\u00bboff\u00a0\u00bb da_dark_close=\u00a0\u00bboff\u00a0\u00bb da_not_modal=\u00a0\u00bbon\u00a0\u00bb da_is_singular=\u00a0\u00bboff\u00a0\u00bb da_with_loader=\u00a0\u00bboff\u00a0\u00bb da_has_shadow=\u00a0\u00bbon\u00a0\u00bb][et_pb_row disabled_on=\u00a0\u00bboff|off|off\u00a0\u00bb _builder_version=\u00a0\u00bb4.23.4&Prime; _module_preset=\u00a0\u00bbdefault\u00a0\u00bb width=\u00a0\u00bb100%\u00a0\u00bb max_width=\u00a0\u00bb100%\u00a0\u00bb custom_padding=\u00a0\u00bb0px||10px||false|false\u00a0\u00bb global_colors_info=\u00a0\u00bb{}\u00a0\u00bb][et_pb_column type=\u00a0\u00bb4_4&Prime; _builder_version=\u00a0\u00bb4.23.4&Prime; _module_preset=\u00a0\u00bbdefault\u00a0\u00bb global_colors_info=\u00a0\u00bb{}\u00a0\u00bb][et_pb_post_title title=\u00a0\u00bboff\u00a0\u00bb meta=\u00a0\u00bboff\u00a0\u00bb _builder_version=\u00a0\u00bb4.23.4&Prime; _module_preset=\u00a0\u00bbdefault\u00a0\u00bb global_colors_info=\u00a0\u00bb{}\u00a0\u00bb][\/et_pb_post_title][\/et_pb_column][\/et_pb_row][\/et_pb_section][et_pb_section fb_built=\u00a0\u00bb1&Prime; specialty=\u00a0\u00bbon\u00a0\u00bb custom_padding_last_edited=\u00a0\u00bbon|tablet\u00a0\u00bb module_class_1=\u00a0\u00bbevent_single_col_1&Prime; module_class_2=\u00a0\u00bbevent_single_col_2&Prime; _builder_version=\u00a0\u00bb4.24.3&Prime; _module_preset=\u00a0\u00bbdefault\u00a0\u00bb width=\u00a0\u00bb100%\u00a0\u00bb custom_padding=\u00a0\u00bb10px||||false|false\u00a0\u00bb custom_padding_tablet=\u00a0\u00bb0px||||false|false\u00a0\u00bb custom_padding_phone=\u00a0\u00bb0px||||false|false\u00a0\u00bb da_disable_devices=\u00a0\u00bboff|off|off\u00a0\u00bb global_colors_info=\u00a0\u00bb{}\u00a0\u00bb da_is_popup=\u00a0\u00bboff\u00a0\u00bb da_exit_intent=\u00a0\u00bboff\u00a0\u00bb da_has_close=\u00a0\u00bbon\u00a0\u00bb da_alt_close=\u00a0\u00bboff\u00a0\u00bb da_dark_close=\u00a0\u00bboff\u00a0\u00bb da_not_modal=\u00a0\u00bbon\u00a0\u00bb da_is_singular=\u00a0\u00bboff\u00a0\u00bb da_with_loader=\u00a0\u00bboff\u00a0\u00bb da_has_shadow=\u00a0\u00bbon\u00a0\u00bb][et_pb_column type=\u00a0\u00bb1_2&Prime; specialty_columns=\u00a0\u00bb2&Prime; _builder_version=\u00a0\u00bb4.16&Prime; custom_padding=\u00a0\u00bb|||\u00a0\u00bb global_colors_info=\u00a0\u00bb{}\u00a0\u00bb custom_padding__hover=\u00a0\u00bb|||\u00a0\u00bb][et_pb_row_inner _builder_version=\u00a0\u00bb4.23.4&Prime; _module_preset=\u00a0\u00bbdefault\u00a0\u00bb custom_padding=\u00a0\u00bb0px||0px||true|false\u00a0\u00bb global_colors_info=\u00a0\u00bb{}\u00a0\u00bb][et_pb_column_inner saved_specialty_column_type=\u00a0\u00bb1_2&Prime; _builder_version=\u00a0\u00bb4.23.4&Prime; _module_preset=\u00a0\u00bbdefault\u00a0\u00bb global_colors_info=\u00a0\u00bb{}\u00a0\u00bb][et_pb_code module_class=\u00a0\u00bbbreadcrumb\u00a0\u00bb _builder_version=\u00a0\u00bb4.24.3&Prime; _module_preset=\u00a0\u00bbdefault\u00a0\u00bb custom_margin=\u00a0\u00bb0px||||false|false\u00a0\u00bb global_module=\u00a0\u00bb233714&Prime; saved_tabs=\u00a0\u00bball\u00a0\u00bb global_colors_info=\u00a0\u00bb{}\u00a0\u00bb][\/et_pb_code][et_pb_text _builder_version=\u00a0\u00bb4.25.1&Prime; _module_preset=\u00a0\u00bbdefault\u00a0\u00bb header_2_text_color=\u00a0\u00bb#002856&Prime; header_2_font_size=\u00a0\u00bb33px\u00a0\u00bb custom_margin=\u00a0\u00bb||10px||false|false\u00a0\u00bb global_colors_info=\u00a0\u00bb{}\u00a0\u00bb]<\/p>\n<h2>\u00c9v\u00e9nement pass\u00e9<\/h2>\n<p>[\/et_pb_text][et_pb_text _builder_version=\u00a0\u00bb4.23.4&Prime; _dynamic_attributes=\u00a0\u00bbcontent\u00a0\u00bb _module_preset=\u00a0\u00bbdefault\u00a0\u00bb text_font=\u00a0\u00bbHK Grotesk SemiBold||||||||\u00a0\u00bb text_text_color=\u00a0\u00bb#FB0346&Prime; global_colors_info=\u00a0\u00bb{}\u00a0\u00bb]@ET-DC@eyJkeW5hbWljIjp0cnVlLCJjb250ZW50IjoicG9zdF9jYXRlZ29yaWVzIiwic2V0dGluZ3MiOnsiYmVmb3JlIjoiIiwiYWZ0ZXIiOiIiLCJsaW5rX3RvX3Rlcm1fcGFnZSI6Im9mZiIsInNlcGFyYXRvciI6IiB8ICIsImNhdGVnb3J5X3R5cGUiOiJjYXRlZ29yeSJ9fQ==@[\/et_pb_text][\/et_pb_column_inner][\/et_pb_row_inner][et_pb_row_inner column_structure=\u00a0\u00bb1_3,1_3,1_3&Prime; use_custom_gutter=\u00a0\u00bbon\u00a0\u00bb gutter_width=\u00a0\u00bb2&Prime; _builder_version=\u00a0\u00bb4.23.4&Prime; _module_preset=\u00a0\u00bbdefault\u00a0\u00bb custom_margin=\u00a0\u00bb||0px||false|false\u00a0\u00bb custom_padding=\u00a0\u00bb10px||10px||true|false\u00a0\u00bb global_colors_info=\u00a0\u00bb{}\u00a0\u00bb][et_pb_column_inner type=\u00a0\u00bb1_3&Prime; saved_specialty_column_type=\u00a0\u00bb1_2&Prime; _builder_version=\u00a0\u00bb4.23.4&Prime; _module_preset=\u00a0\u00bbdefault\u00a0\u00bb custom_padding=\u00a0\u00bb||0px||false|false\u00a0\u00bb global_colors_info=\u00a0\u00bb{}\u00a0\u00bb][et_pb_blurb title=\u00a0\u00bb@ET-DC@eyJkeW5hbWljIjp0cnVlLCJjb250ZW50IjoiY3VzdG9tX21ldGFfZXZlbnRfZGF0ZSIsInNldHRpbmdzIjp7ImJlZm9yZSI6IiIsImFmdGVyIjoiIiwiZW5hYmxlX2h0bWwiOiJvZmYifX0=@\u00a0\u00bb image=\u00a0\u00bbhttps:\/\/berneyassocies.com\/wp-content\/uploads\/2024\/04\/formkit_date.svg\u00a0\u00bb icon_placement=\u00a0\u00bbleft\u00a0\u00bb image_icon_width=\u00a0\u00bb20px\u00a0\u00bb _builder_version=\u00a0\u00bb4.23.4&Prime; _dynamic_attributes=\u00a0\u00bbtitle\u00a0\u00bb _module_preset=\u00a0\u00bbdefault\u00a0\u00bb header_font=\u00a0\u00bbHK Grotesk Medium||||||||\u00a0\u00bb header_text_color=\u00a0\u00bb#002856&Prime; image_icon_custom_margin=\u00a0\u00bb||||false|false\u00a0\u00bb module_alignment=\u00a0\u00bbleft\u00a0\u00bb custom_margin=\u00a0\u00bb|50px|0px||false|false\u00a0\u00bb border_radii_image_tablet=\u00a0\u00bb\u00a0\u00bb border_radii_image_phone=\u00a0\u00bb\u00a0\u00bb border_radii_image_last_edited=\u00a0\u00bbon|desktop\u00a0\u00bb global_colors_info=\u00a0\u00bb{}\u00a0\u00bb][\/et_pb_blurb][\/et_pb_column_inner][et_pb_column_inner type=\u00a0\u00bb1_3&Prime; saved_specialty_column_type=\u00a0\u00bb1_2&Prime; _builder_version=\u00a0\u00bb4.23.4&Prime; _module_preset=\u00a0\u00bbdefault\u00a0\u00bb custom_padding=\u00a0\u00bb||0px||false|false\u00a0\u00bb global_colors_info=\u00a0\u00bb{}\u00a0\u00bb][et_pb_blurb title=\u00a0\u00bb@ET-DC@eyJkeW5hbWljIjp0cnVlLCJjb250ZW50IjoiY3VzdG9tX21ldGFfZXZlbnRfdGltZSIsInNldHRpbmdzIjp7ImJlZm9yZSI6IiIsImFmdGVyIjoiIiwiZW5hYmxlX2h0bWwiOiJvZmYifX0=@\u00a0\u00bb image=\u00a0\u00bbhttps:\/\/berneyassocies.com\/wp-content\/uploads\/2024\/04\/carbon_time.svg\u00a0\u00bb icon_placement=\u00a0\u00bbleft\u00a0\u00bb image_icon_width=\u00a0\u00bb20px\u00a0\u00bb _builder_version=\u00a0\u00bb4.23.4&Prime; _dynamic_attributes=\u00a0\u00bbtitle\u00a0\u00bb _module_preset=\u00a0\u00bbdefault\u00a0\u00bb header_font=\u00a0\u00bbHK Grotesk Medium||||||||\u00a0\u00bb header_text_color=\u00a0\u00bb#002856&Prime; custom_margin=\u00a0\u00bb|50px|0px||false|false\u00a0\u00bb border_radii_image_tablet=\u00a0\u00bb\u00a0\u00bb border_radii_image_phone=\u00a0\u00bb\u00a0\u00bb border_radii_image_last_edited=\u00a0\u00bbon|desktop\u00a0\u00bb global_colors_info=\u00a0\u00bb{}\u00a0\u00bb][\/et_pb_blurb][\/et_pb_column_inner][et_pb_column_inner type=\u00a0\u00bb1_3&Prime; saved_specialty_column_type=\u00a0\u00bb1_2&Prime; _builder_version=\u00a0\u00bb4.23.4&Prime; _module_preset=\u00a0\u00bbdefault\u00a0\u00bb global_colors_info=\u00a0\u00bb{}\u00a0\u00bb][et_pb_blurb title=\u00a0\u00bb@ET-DC@eyJkeW5hbWljIjp0cnVlLCJjb250ZW50IjoiY3VzdG9tX21ldGFfZXZlbnRfcGxhY2UiLCJzZXR0aW5ncyI6eyJiZWZvcmUiOiIiLCJhZnRlciI6IiIsImVuYWJsZV9odG1sIjoib2ZmIn19@\u00a0\u00bb image=\u00a0\u00bbhttps:\/\/berneyassocies.com\/wp-content\/uploads\/2024\/04\/location.svg\u00a0\u00bb icon_placement=\u00a0\u00bbleft\u00a0\u00bb image_icon_width=\u00a0\u00bb15px\u00a0\u00bb _builder_version=\u00a0\u00bb4.25.1&Prime; _dynamic_attributes=\u00a0\u00bbtitle\u00a0\u00bb _module_preset=\u00a0\u00bbdefault\u00a0\u00bb header_font=\u00a0\u00bbHK Grotesk Medium||||||||\u00a0\u00bb header_text_color=\u00a0\u00bb#002856&Prime; body_link_font=\u00a0\u00bb||||on||||\u00a0\u00bb body_link_text_color=\u00a0\u00bb#002856&Prime; custom_margin=\u00a0\u00bb||0px||false|false\u00a0\u00bb border_radii_image_tablet=\u00a0\u00bb\u00a0\u00bb border_radii_image_phone=\u00a0\u00bb\u00a0\u00bb border_radii_image_last_edited=\u00a0\u00bbon|desktop\u00a0\u00bb global_colors_info=\u00a0\u00bb{}\u00a0\u00bb]<\/p>\n<p><span style=\"font-weight: 400;\">Avenue Bergi\u00e8res 10<\/span><span style=\"font-weight: 400;\"><br \/><\/span><span style=\"font-weight: 400;\">1004 Lausanne<\/span><span style=\"font-weight: 400;\"><br \/><\/span><a href=\"https:\/\/goo.gl\/maps\/6W9KC34EgjboJADL6\"><span style=\"font-weight: 400;\">Lien maps<\/span><\/a><\/p>\n<p>[\/et_pb_blurb][\/et_pb_column_inner][\/et_pb_row_inner][et_pb_row_inner use_custom_gutter=\u00a0\u00bbon\u00a0\u00bb gutter_width=\u00a0\u00bb1&Prime; make_equal=\u00a0\u00bbon\u00a0\u00bb _builder_version=\u00a0\u00bb4.23.4&Prime; _module_preset=\u00a0\u00bbdefault\u00a0\u00bb custom_padding=\u00a0\u00bb10px||10px||true|false\u00a0\u00bb global_colors_info=\u00a0\u00bb{}\u00a0\u00bb][et_pb_column_inner saved_specialty_column_type=\u00a0\u00bb1_2&Prime; _builder_version=\u00a0\u00bb4.23.4&Prime; _module_preset=\u00a0\u00bbdefault\u00a0\u00bb global_colors_info=\u00a0\u00bb{}\u00a0\u00bb][et_pb_button button_url=\u00a0\u00bbhttps:\/\/berneyassocies.com\/wp-content\/uploads\/2024\/05\/BA-MA_Seminaire-2023.pdf\u00a0\u00bb url_new_window=\u00a0\u00bbon\u00a0\u00bb button_text=\u00a0\u00bbT\u00e9l\u00e9charger le document de pr\u00e9sentation\u00a0\u00bb _builder_version=\u00a0\u00bb4.25.1&Prime; _module_preset=\u00a0\u00bbdefault\u00a0\u00bb custom_button=\u00a0\u00bbon\u00a0\u00bb button_text_size=\u00a0\u00bb14px\u00a0\u00bb button_text_color=\u00a0\u00bb#002856&Prime; button_bg_color=\u00a0\u00bbRGBA(255,255,255,0)\u00a0\u00bb button_border_width=\u00a0\u00bb2px\u00a0\u00bb button_border_color=\u00a0\u00bb#002856&Prime; button_border_radius=\u00a0\u00bb30px\u00a0\u00bb button_icon=\u00a0\u00bb&#x24;||divi||400&Prime; custom_margin_tablet=\u00a0\u00bb||||false|false\u00a0\u00bb custom_margin_phone=\u00a0\u00bb20px||||false|false\u00a0\u00bb custom_margin_last_edited=\u00a0\u00bbon|phone\u00a0\u00bb global_colors_info=\u00a0\u00bb{}\u00a0\u00bb][\/et_pb_button][\/et_pb_column_inner][\/et_pb_row_inner][\/et_pb_column][et_pb_column type=\u00a0\u00bb1_2&Prime; _builder_version=\u00a0\u00bb4.16&Prime; custom_padding=\u00a0\u00bb|||\u00a0\u00bb global_colors_info=\u00a0\u00bb{}\u00a0\u00bb custom_padding__hover=\u00a0\u00bb|||\u00a0\u00bb][et_pb_post_title title=\u00a0\u00bboff\u00a0\u00bb meta=\u00a0\u00bboff\u00a0\u00bb disabled_on=\u00a0\u00bbon|on|off\u00a0\u00bb _builder_version=\u00a0\u00bb4.24.3&Prime; _module_preset=\u00a0\u00bbdefault\u00a0\u00bb positioning=\u00a0\u00bbabsolute\u00a0\u00bb position_origin_a=\u00a0\u00bbbottom_left\u00a0\u00bb vertical_offset=\u00a0\u00bb-110px\u00a0\u00bb custom_margin=\u00a0\u00bb||||false|false\u00a0\u00bb custom_padding=\u00a0\u00bb||||false|false\u00a0\u00bb global_colors_info=\u00a0\u00bb{}\u00a0\u00bb][\/et_pb_post_title][\/et_pb_column][\/et_pb_section][et_pb_section fb_built=\u00a0\u00bb1&Prime; _builder_version=\u00a0\u00bb4.24.3&Prime; _module_preset=\u00a0\u00bbdefault\u00a0\u00bb custom_margin=\u00a0\u00bb||||false|false\u00a0\u00bb custom_padding=\u00a0\u00bb0px||||false|false\u00a0\u00bb da_disable_devices=\u00a0\u00bboff|off|off\u00a0\u00bb global_colors_info=\u00a0\u00bb{}\u00a0\u00bb da_is_popup=\u00a0\u00bboff\u00a0\u00bb da_exit_intent=\u00a0\u00bboff\u00a0\u00bb da_has_close=\u00a0\u00bbon\u00a0\u00bb da_alt_close=\u00a0\u00bboff\u00a0\u00bb da_dark_close=\u00a0\u00bboff\u00a0\u00bb da_not_modal=\u00a0\u00bbon\u00a0\u00bb da_is_singular=\u00a0\u00bboff\u00a0\u00bb da_with_loader=\u00a0\u00bboff\u00a0\u00bb da_has_shadow=\u00a0\u00bbon\u00a0\u00bb][et_pb_row column_structure=\u00a0\u00bb3_5,2_5&Prime; _builder_version=\u00a0\u00bb4.24.3&Prime; _module_preset=\u00a0\u00bbdefault\u00a0\u00bb custom_padding=\u00a0\u00bb0px||||false|false\u00a0\u00bb global_colors_info=\u00a0\u00bb{}\u00a0\u00bb][et_pb_column type=\u00a0\u00bb3_5&Prime; _builder_version=\u00a0\u00bb4.23.4&Prime; _module_preset=\u00a0\u00bbdefault\u00a0\u00bb global_colors_info=\u00a0\u00bb{}\u00a0\u00bb][et_pb_text _builder_version=\u00a0\u00bb4.25.1&Prime; _module_preset=\u00a0\u00bbdefault\u00a0\u00bb header_2_text_color=\u00a0\u00bb#002856&Prime; header_3_text_color=\u00a0\u00bb#002856&Prime; header_3_line_height=\u00a0\u00bb1.3em\u00a0\u00bb global_colors_info=\u00a0\u00bb{}\u00a0\u00bb]<\/p>\n<h3>Retour sur notre s\u00e9minaire \u00ab\u00a0r\u00e9duisez vos imp\u00f4ts en 2023\u00a0\u00bb<\/h3>\n<p><span style=\"font-weight: 400;\">Lundi 26 juin a eu lieu notre \u00e9v\u00e9nement \u00abAcheter ou vendre une entreprise : anticipez, ne manquez aucune opportunit\u00e9\u00bb \u00e0 Impact Hub Lausanne.<\/span><\/p>\n<p><span style=\"font-weight: 400;\">Ce s\u00e9minaire \u00e9tait destin\u00e9 \u00e0 toute personne souhaitant un jour transmettre son entreprise ou reprendre une soci\u00e9t\u00e9.<\/span><\/p>\n<p><span style=\"font-weight: 400;\">Il avait pour but de sensibiliser les participant\u00b7e\u00b7s sur les opportunit\u00e9s et possibilit\u00e9s de reprise et de cession d\u2019entreprise, et notamment sur la n\u00e9cessit\u00e9 d\u2019anticiper ce type de projet.<\/span><\/p>\n<p><span style=\"font-weight: 400;\">Merci \u00e0 celles et ceux qui ont r\u00e9pondu pr\u00e9sents et avec qui nous avons pris beaucoup de plaisir \u00e0 \u00e9changer et \u00e0 discuter de cette th\u00e9matique !<\/span><\/p>\n<p><span style=\"font-weight: 400;\"><\/span><\/p>\n<h3>Ce qu&rsquo;il fallait retenir<\/h3>\n<ul>\n<li style=\"font-weight: 400;\" aria-level=\"1\"><span style=\"font-weight: 400;\">Du c\u00f4t\u00e9 du\/de la c\u00e9dant\u00b7e, le processus de cession doit \u00eatre anticip\u00e9 suffisamment \u00e0 l\u2019avance et impliquer divers interlocuteur\u00b7rice\u00b7s permettant au\/\u00e0 la c\u00e9dant\u00b7e de m\u00fbrir et pr\u00e9ciser son projet. L\u2019anticipation implique \u00e9galement de s\u2019assurer que la Soci\u00e9t\u00e9 est pr\u00eate \u00e0 la vente.<\/span><\/li>\n<li style=\"font-weight: 400;\" aria-level=\"1\"><span style=\"font-weight: 400;\">Du c\u00f4t\u00e9 de l&rsquo;investisseur\u00b7euse\u00b7s, le processus d\u2019acquisition doit \u00eatre pr\u00e9par\u00e9 afin d\u2019\u00eatre r\u00e9actif\u00b7ve le moment venu. Cette pr\u00e9paration passe non seulement par une r\u00e9flexion sur le projet entrepreneurial du\/de la repreneur\u00b7euse et le p\u00e9rim\u00e8tre d\u2019investissement, mais \u00e9galement par l\u2019identification de la capacit\u00e9 financi\u00e8re et des instruments financiers existants.<\/span><\/li>\n<li style=\"font-weight: 400;\" aria-level=\"1\"><span style=\"font-weight: 400;\">Ces d\u00e9marches \u00e9tant toujours tr\u00e8s \u00e9motionnelles, impliquer des conseils adapt\u00e9s permet non seulement de conserver professionnalisme et objectivit\u00e9 tout au long du chemin, mais aussi et surtout de mener un processus \u00e0 m\u00eame d\u2019optimiser les conditions de la transaction.<\/span><\/li>\n<\/ul>\n<p><span style=\"font-weight: 400;\"><\/span><\/p>\n<h3>Ne manquez pas l\u2019opportunit\u00e9 r\u00eav\u00e9e : anticipez et soyez pr\u00eat\u00b7e\u00b7s en tout temps !<\/h3>\n<p><span style=\"font-weight: 400;\">Le domaine M&amp;A est tr\u00e8s complexe et \u00e9volue constamment. Pour cette raison, il est judicieux de faire appel \u00e0 des expert\u00b7e\u00b7s qui s\u2019efforcent d\u2019identifier des mesures pour optimiser et structurer vos transactions afin de les r\u00e9aliser avec succ\u00e8s. Que vous soyez entrepreneur\u00b7e ou non, que vous ayez d\u00e9j\u00e0 pens\u00e9 \u00e0 reprendre ou remettre une entreprise, cet \u00e9v\u00e9nement est pour vous, car il n\u2019est jamais trop t\u00f4t pour se poser les bonnes questions.<\/span><\/p>\n<p>[\/et_pb_text][\/et_pb_column][et_pb_column type=\u00a0\u00bb2_5&Prime; _builder_version=\u00a0\u00bb4.23.4&Prime; _module_preset=\u00a0\u00bbdefault\u00a0\u00bb global_colors_info=\u00a0\u00bb{}\u00a0\u00bb][et_pb_text _builder_version=\u00a0\u00bb4.23.4&Prime; _module_preset=\u00a0\u00bbdefault\u00a0\u00bb header_2_text_color=\u00a0\u00bb#002856&Prime; custom_margin=\u00a0\u00bb||10px||false|false\u00a0\u00bb custom_padding_tablet=\u00a0\u00bb30px||||false|false\u00a0\u00bb custom_padding_phone=\u00a0\u00bb30px||||false|false\u00a0\u00bb custom_padding_last_edited=\u00a0\u00bbon|tablet\u00a0\u00bb global_colors_info=\u00a0\u00bb{}\u00a0\u00bb]<\/p>\n<h2>Programme<\/h2>\n<p>[\/et_pb_text][et_pb_text _builder_version=\u00a0\u00bb4.25.1&Prime; _module_preset=\u00a0\u00bbdefault\u00a0\u00bb text_text_color=\u00a0\u00bb#717070&Prime; custom_margin=\u00a0\u00bb0px||5px||false|false\u00a0\u00bb global_colors_info=\u00a0\u00bb{}\u00a0\u00bb]<\/p>\n<p>11:15 \u2014 Accueil des participant\u00b7e\u00b7s<\/p>\n<p>[\/et_pb_text][et_pb_text _builder_version=\u00a0\u00bb4.25.1&Prime; _module_preset=\u00a0\u00bbdefault\u00a0\u00bb text_text_color=\u00a0\u00bb#717070&Prime; custom_margin=\u00a0\u00bb0px||5px||false|false\u00a0\u00bb global_colors_info=\u00a0\u00bb{}\u00a0\u00bb]<\/p>\n<p>11:30 \u2014 D\u00e9but de la pr\u00e9sentation<\/p>\n<p>[\/et_pb_text][et_pb_text _builder_version=\u00a0\u00bb4.25.1&Prime; _module_preset=\u00a0\u00bbdefault\u00a0\u00bb text_text_color=\u00a0\u00bb#717070&Prime; custom_margin=\u00a0\u00bb0px||5px||false|false\u00a0\u00bb global_colors_info=\u00a0\u00bb{}\u00a0\u00bb]<\/p>\n<p>12:15 \u2014 Fin de la pr\u00e9sentation<\/p>\n<p>[\/et_pb_text][et_pb_text _builder_version=\u00a0\u00bb4.25.1&Prime; _module_preset=\u00a0\u00bbdefault\u00a0\u00bb text_text_color=\u00a0\u00bb#717070&Prime; custom_margin=\u00a0\u00bb0px||5px||false|false\u00a0\u00bb global_colors_info=\u00a0\u00bb{}\u00a0\u00bb]<\/p>\n<p>12:30 \u2014 Collation et discussion<\/p>\n<p>[\/et_pb_text][et_pb_text _builder_version=\u00a0\u00bb4.25.1&Prime; _module_preset=\u00a0\u00bbdefault\u00a0\u00bb text_text_color=\u00a0\u00bb#717070&Prime; custom_margin=\u00a0\u00bb0px||5px||false|false\u00a0\u00bb global_colors_info=\u00a0\u00bb{}\u00a0\u00bb]<\/p>\n<p>13:30 \u2014 Fin du s\u00e9minaire<\/p>\n<p>[\/et_pb_text][et_pb_text _builder_version=\u00a0\u00bb4.23.4&Prime; _module_preset=\u00a0\u00bbdefault\u00a0\u00bb header_2_text_color=\u00a0\u00bb#002856&Prime; custom_margin=\u00a0\u00bb50px||10px||false|false\u00a0\u00bb global_colors_info=\u00a0\u00bb{}\u00a0\u00bb]<\/p>\n<h2>Anim\u00e9 par<\/h2>\n<p>[\/et_pb_text][et_pb_blurb title=\u00a0\u00bbRapha\u00ebl Leveau\u00a0\u00bb image=\u00a0\u00bbhttps:\/\/berneyassocies.com\/wp-content\/uploads\/2024\/05\/berney-associes-fiduciaire-suisse-romande-leveau-r.jpg\u00a0\u00bb icon_placement=\u00a0\u00bbleft\u00a0\u00bb image_icon_width=\u00a0\u00bb80px\u00a0\u00bb _builder_version=\u00a0\u00bb4.25.1&Prime; _module_preset=\u00a0\u00bbdefault\u00a0\u00bb header_font=\u00a0\u00bbHK Grotesk Medium||||||||\u00a0\u00bb custom_margin=\u00a0\u00bb||20px||false|false\u00a0\u00bb global_colors_info=\u00a0\u00bb{}\u00a0\u00bb]<\/p>\n<p><span style=\"font-weight: 400;\">Associ\u00e9 et expert-comptable dipl\u00f4m\u00e9<\/span><\/p>\n<p>[\/et_pb_blurb][et_pb_blurb title=\u00a0\u00bbV\u00e9ronique Pipoz\u00a0\u00bb image=\u00a0\u00bbhttps:\/\/berneyassocies.com\/wp-content\/uploads\/2025\/03\/berney-associes-fiduciaire-suisse-romande-pipoz-v.jpg\u00a0\u00bb icon_placement=\u00a0\u00bbleft\u00a0\u00bb image_icon_width=\u00a0\u00bb80px\u00a0\u00bb _builder_version=\u00a0\u00bb4.27.4&Prime; _module_preset=\u00a0\u00bbdefault\u00a0\u00bb header_font=\u00a0\u00bbHK Grotesk Medium||||||||\u00a0\u00bb custom_margin=\u00a0\u00bb||20px||false|false\u00a0\u00bb hover_enabled=\u00a0\u00bb0&Prime; global_colors_info=\u00a0\u00bb{}\u00a0\u00bb title_text=\u00a0\u00bbberney-associes-fiduciaire-suisse-romande-pipoz-v\u00a0\u00bb sticky_enabled=\u00a0\u00bb0&Prime;]<\/p>\n<p><span style=\"font-weight: 400;\">Directrice en charge des activit\u00e9s de planification et gestion financi\u00e8re<\/span><span style=\"font-weight: 400;\"><br \/><\/span><span style=\"font-weight: 400;\">Experte-comptable dipl\u00f4m\u00e9e<\/span><\/p>\n<p>[\/et_pb_blurb][\/et_pb_column][\/et_pb_row][et_pb_row _builder_version=\u00a0\u00bb4.25.1&Prime; _module_preset=\u00a0\u00bbdefault\u00a0\u00bb custom_padding=\u00a0\u00bb||0px||false|false\u00a0\u00bb global_colors_info=\u00a0\u00bb{}\u00a0\u00bb][et_pb_column type=\u00a0\u00bb4_4&Prime; _builder_version=\u00a0\u00bb4.25.1&Prime; _module_preset=\u00a0\u00bbdefault\u00a0\u00bb global_colors_info=\u00a0\u00bb{}\u00a0\u00bb][et_pb_text _builder_version=\u00a0\u00bb4.25.1&Prime; _module_preset=\u00a0\u00bbdefault\u00a0\u00bb header_3_text_align=\u00a0\u00bbcenter\u00a0\u00bb header_3_text_color=\u00a0\u00bb#002856&Prime; header_3_font_size=\u00a0\u00bb2em\u00a0\u00bb global_colors_info=\u00a0\u00bb{}\u00a0\u00bb]<\/p>\n<h3>Nous sommes \u00e0 votre disposition<\/h3>\n<p>[\/et_pb_text][\/et_pb_column][\/et_pb_row][et_pb_row column_structure=\u00a0\u00bb1_3,1_3,1_3&Prime; use_custom_gutter=\u00a0\u00bbon\u00a0\u00bb gutter_width=\u00a0\u00bb4&Prime; make_equal=\u00a0\u00bbon\u00a0\u00bb _builder_version=\u00a0\u00bb4.25.1&Prime; _module_preset=\u00a0\u00bbdefault\u00a0\u00bb width=\u00a0\u00bb53%\u00a0\u00bb width_tablet=\u00a0\u00bb53%\u00a0\u00bb width_phone=\u00a0\u00bb53%\u00a0\u00bb width_last_edited=\u00a0\u00bbon|tablet\u00a0\u00bb global_colors_info=\u00a0\u00bb{}\u00a0\u00bb][et_pb_column type=\u00a0\u00bb1_3&Prime; _builder_version=\u00a0\u00bb4.25.1&Prime; _module_preset=\u00a0\u00bbdefault\u00a0\u00bb global_colors_info=\u00a0\u00bb{}\u00a0\u00bb][et_pb_blurb title=\u00a0\u00bbRapha\u00ebl Leveau\u00a0\u00bb image=\u00a0\u00bbhttps:\/\/berneyassocies.com\/wp-content\/uploads\/2024\/05\/berney-associes-fiduciaire-suisse-romande-leveau-r.jpg\u00a0\u00bb _builder_version=\u00a0\u00bb4.25.1&Prime; _module_preset=\u00a0\u00bbdefault\u00a0\u00bb header_text_color=\u00a0\u00bb#002856&Prime; body_link_text_align=\u00a0\u00bbcenter\u00a0\u00bb body_link_text_color=\u00a0\u00bb#00418F\u00a0\u00bb text_orientation=\u00a0\u00bbcenter\u00a0\u00bb global_colors_info=\u00a0\u00bb{}\u00a0\u00bb]<\/p>\n<p><a href=\"mailto:rleveau@berneyassocies.com\" target=\"_blank\" rel=\"noopener\">rleveau@berneyassocies.com<\/a><\/p>\n<p>[\/et_pb_blurb][\/et_pb_column][et_pb_column type=\u00a0\u00bb1_3&Prime; _builder_version=\u00a0\u00bb4.25.1&Prime; _module_preset=\u00a0\u00bbdefault\u00a0\u00bb global_colors_info=\u00a0\u00bb{}\u00a0\u00bb][et_pb_blurb title=\u00a0\u00bbV\u00e9ronique Pipoz\u00a0\u00bb image=\u00a0\u00bbhttps:\/\/berneyassocies.com\/wp-content\/uploads\/2024\/05\/berney-associes-fiduciaire-suisse-romande-pipoz-v.jpg\u00a0\u00bb _builder_version=\u00a0\u00bb4.25.1&Prime; _module_preset=\u00a0\u00bbdefault\u00a0\u00bb body_link_text_align=\u00a0\u00bbcenter\u00a0\u00bb body_link_text_color=\u00a0\u00bb#00418F\u00a0\u00bb text_orientation=\u00a0\u00bbcenter\u00a0\u00bb global_colors_info=\u00a0\u00bb{}\u00a0\u00bb]<\/p>\n<p><a href=\"mailto:vpipoz@berneyassocies.com\" target=\"_blank\" rel=\"noopener\">vpipoz@berneyassocies.com<\/a><\/p>\n<p>[\/et_pb_blurb][\/et_pb_column][et_pb_column type=\u00a0\u00bb1_3&Prime; _builder_version=\u00a0\u00bb4.25.1&Prime; _module_preset=\u00a0\u00bbdefault\u00a0\u00bb global_colors_info=\u00a0\u00bb{}\u00a0\u00bb][et_pb_blurb title=\u00a0\u00bbClement Socquet\u00a0\u00bb image=\u00a0\u00bbhttps:\/\/berneyassocies.com\/wp-content\/uploads\/2024\/05\/berney-associes-fiduciaire-suisse-romande-socquet-c.jpg\u00a0\u00bb _builder_version=\u00a0\u00bb4.25.1&Prime; _module_preset=\u00a0\u00bbdefault\u00a0\u00bb body_link_text_align=\u00a0\u00bbcenter\u00a0\u00bb body_link_text_color=\u00a0\u00bb#00418F\u00a0\u00bb text_orientation=\u00a0\u00bbcenter\u00a0\u00bb global_colors_info=\u00a0\u00bb{}\u00a0\u00bb]<\/p>\n<p><a href=\"mailto:csocquet@berneyassocies.com\" target=\"_blank\" rel=\"noopener\">csocquet@berneyassocies.com<\/a><\/p>\n<p>[\/et_pb_blurb][\/et_pb_column][\/et_pb_row][\/et_pb_section][et_pb_section fb_built=\u00a0\u00bb1&Prime; _builder_version=\u00a0\u00bb4.23.4&Prime; _module_preset=\u00a0\u00bbdefault\u00a0\u00bb custom_margin=\u00a0\u00bb0px||0px||true|false\u00a0\u00bb custom_padding=\u00a0\u00bb0px||0px||true|false\u00a0\u00bb da_disable_devices=\u00a0\u00bboff|off|off\u00a0\u00bb global_colors_info=\u00a0\u00bb{}\u00a0\u00bb da_is_popup=\u00a0\u00bboff\u00a0\u00bb da_exit_intent=\u00a0\u00bboff\u00a0\u00bb da_has_close=\u00a0\u00bbon\u00a0\u00bb da_alt_close=\u00a0\u00bboff\u00a0\u00bb da_dark_close=\u00a0\u00bboff\u00a0\u00bb da_not_modal=\u00a0\u00bbon\u00a0\u00bb da_is_singular=\u00a0\u00bboff\u00a0\u00bb da_with_loader=\u00a0\u00bboff\u00a0\u00bb da_has_shadow=\u00a0\u00bbon\u00a0\u00bb][et_pb_row column_structure=\u00a0\u00bb2_5,3_5&Prime; use_custom_gutter=\u00a0\u00bbon\u00a0\u00bb gutter_width=\u00a0\u00bb2&Prime; make_equal=\u00a0\u00bbon\u00a0\u00bb _builder_version=\u00a0\u00bb4.23.4&Prime; _module_preset=\u00a0\u00bbdefault\u00a0\u00bb custom_margin=\u00a0\u00bb||0px||false|false\u00a0\u00bb custom_padding=\u00a0\u00bb||0px||false|false\u00a0\u00bb global_colors_info=\u00a0\u00bb{}\u00a0\u00bb][et_pb_column type=\u00a0\u00bb2_5&Prime; _builder_version=\u00a0\u00bb4.23.4&Prime; _module_preset=\u00a0\u00bbdefault\u00a0\u00bb global_colors_info=\u00a0\u00bb{}\u00a0\u00bb][et_pb_text _builder_version=\u00a0\u00bb4.25.1&Prime; _module_preset=\u00a0\u00bbdefault\u00a0\u00bb text_font=\u00a0\u00bbTheW NYC Regular||||||||\u00a0\u00bb text_font_size=\u00a0\u00bb30px\u00a0\u00bb text_line_height=\u00a0\u00bb1.3em\u00a0\u00bb width_tablet=\u00a0\u00bb\u00a0\u00bb width_phone=\u00a0\u00bb\u00a0\u00bb width_last_edited=\u00a0\u00bbon|desktop\u00a0\u00bb text_font_size_tablet=\u00a0\u00bb32px\u00a0\u00bb text_font_size_phone=\u00a0\u00bb26px\u00a0\u00bb text_font_size_last_edited=\u00a0\u00bbon|phone\u00a0\u00bb global_colors_info=\u00a0\u00bb{}\u00a0\u00bb]<\/p>\n<p><span style=\"font-weight: 400;\">N&rsquo;h\u00e9sitez pas \u00e0 nous contacter pour toute question ou besoin qui concerne cette th\u00e9matique. Nous sommes \u00e0 votre disposition par e-mail ou par t\u00e9l\u00e9phone.<\/span><\/p>\n<p>[\/et_pb_text][et_pb_button button_url=\u00a0\u00bb@ET-DC@eyJkeW5hbWljIjp0cnVlLCJjb250ZW50IjoicG9zdF9saW5rX3VybF9wYWdlIiwic2V0dGluZ3MiOnsicG9zdF9pZCI6IjI4OTc5In19@\u00a0\u00bb button_text=\u00a0\u00bbOn en discute ? Contactez-nous.\u00a0\u00bb _builder_version=\u00a0\u00bb4.25.1&Prime; _dynamic_attributes=\u00a0\u00bbbutton_url\u00a0\u00bb _module_preset=\u00a0\u00bbdefault\u00a0\u00bb custom_button=\u00a0\u00bbon\u00a0\u00bb button_text_size=\u00a0\u00bb18px\u00a0\u00bb button_bg_color=\u00a0\u00bb#FB0346&Prime; button_border_width=\u00a0\u00bb0px\u00a0\u00bb button_border_radius=\u00a0\u00bb50px\u00a0\u00bb button_icon=\u00a0\u00bb&#x24;||divi||400&Prime; global_module=\u00a0\u00bb238161&Prime; locked=\u00a0\u00bboff\u00a0\u00bb global_colors_info=\u00a0\u00bb{}\u00a0\u00bb button_bg_color__hover_enabled=\u00a0\u00bbon|hover\u00a0\u00bb button_bg_color__hover=\u00a0\u00bb#002856&Prime; button_bg_enable_color__hover=\u00a0\u00bbon\u00a0\u00bb][\/et_pb_button][\/et_pb_column][et_pb_column type=\u00a0\u00bb3_5&Prime; _builder_version=\u00a0\u00bb4.23.4&Prime; _module_preset=\u00a0\u00bbdefault\u00a0\u00bb global_colors_info=\u00a0\u00bb{}\u00a0\u00bb][et_pb_image src=\u00a0\u00bbhttps:\/\/berneyassocies.com\/wp-content\/uploads\/2024\/05\/berney-associes-fiduciaire-suisse-romande-service-entreprises-organisations-contact.jpg\u00a0\u00bb title_text=\u00a0\u00bbberney-associes-fiduciaire-suisse-romande-service-entreprises-organisations-contact\u00a0\u00bb force_fullwidth=\u00a0\u00bbon\u00a0\u00bb _builder_version=\u00a0\u00bb4.25.1&Prime; _module_preset=\u00a0\u00bbdefault\u00a0\u00bb animation_style=\u00a0\u00bbslide\u00a0\u00bb animation_direction=\u00a0\u00bbbottom\u00a0\u00bb animation_intensity_slide=\u00a0\u00bb3%\u00a0\u00bb global_colors_info=\u00a0\u00bb{}\u00a0\u00bb][\/et_pb_image][\/et_pb_column][\/et_pb_row][\/et_pb_section]<\/p>\n","protected":false},"excerpt":{"rendered":"<p>\u00c9v\u00e9nement pass\u00e9Avenue Bergi\u00e8res 101004 LausanneLien mapsRetour sur notre s\u00e9minaire \u00ab\u00a0r\u00e9duisez vos imp\u00f4ts en 2023\u00a0\u00bb Lundi 26 juin a eu lieu notre \u00e9v\u00e9nement \u00abAcheter ou vendre une entreprise : anticipez, ne manquez aucune opportunit\u00e9\u00bb \u00e0 Impact Hub Lausanne. Ce s\u00e9minaire \u00e9tait destin\u00e9 \u00e0 toute personne souhaitant un jour transmettre son entreprise ou reprendre une soci\u00e9t\u00e9. Il [&hellip;]<\/p>\n","protected":false},"featured_media":29386,"parent":0,"template":"","format":"standard","meta":{"_acf_changed":false,"_et_pb_use_builder":"on","_et_pb_old_content":"","_et_gb_content_width":"1390","inline_featured_image":false,"_links_to":"","_links_to_target":""},"categories":[22],"evenement-theme":[74],"evenement-timeline":[45],"class_list":["post-233145","evenement","type-evenement","status-publish","format-standard","has-post-thumbnail","hentry","category-seminaire","evenement-theme-fiscalite","evenement-timeline-past"],"acf":[],"yoast_head":"<!-- This site is optimized with the Yoast SEO plugin v27.4 - https:\/\/yoast.com\/product\/yoast-seo-wordpress\/ -->\n<title>Acheter ou vendre une entreprise : anticipez, ne manquez aucune opportunit\u00e9 - Berney Associ\u00e9s SA<\/title>\n<meta name=\"robots\" content=\"index, follow, max-snippet:-1, max-image-preview:large, max-video-preview:-1\" \/>\n<link rel=\"canonical\" href=\"https:\/\/berneyassocies.com\/de\/veranstaltung\/reforme-du-droit-des-successions\/\" \/>\n<meta property=\"og:locale\" content=\"de_DE\" \/>\n<meta property=\"og:type\" content=\"article\" \/>\n<meta property=\"og:title\" content=\"Acheter ou vendre une entreprise : anticipez, ne manquez aucune opportunit\u00e9 - Berney Associ\u00e9s SA\" \/>\n<meta property=\"og:description\" content=\"\u00c9v\u00e9nement pass\u00e9Avenue Bergi\u00e8res 101004 LausanneLien mapsRetour sur notre s\u00e9minaire &quot;r\u00e9duisez vos imp\u00f4ts en 2023&quot; Lundi 26 juin a eu lieu notre \u00e9v\u00e9nement \u00abAcheter ou vendre une entreprise : anticipez, ne manquez aucune opportunit\u00e9\u00bb \u00e0 Impact Hub Lausanne. Ce s\u00e9minaire \u00e9tait destin\u00e9 \u00e0 toute personne souhaitant un jour transmettre son entreprise ou reprendre une soci\u00e9t\u00e9. Il [&hellip;]\" \/>\n<meta property=\"og:url\" content=\"https:\/\/berneyassocies.com\/de\/wp-json\/wp\/v2\/evenement\/233145\" \/>\n<meta property=\"og:site_name\" content=\"Berney Associ\u00e9s SA\" \/>\n<meta property=\"article:modified_time\" content=\"2025-03-21T16:15:37+00:00\" \/>\n<meta property=\"og:image\" content=\"https:\/\/berneyassocies.com\/wp-content\/uploads\/2024\/01\/event_img_2.png\" \/>\n\t<meta property=\"og:image:width\" content=\"837\" \/>\n\t<meta property=\"og:image:height\" content=\"395\" \/>\n\t<meta property=\"og:image:type\" content=\"image\/png\" \/>\n<meta name=\"twitter:card\" content=\"summary_large_image\" \/>\n<meta name=\"twitter:label1\" content=\"Gesch\u00e4tzte Lesezeit\" \/>\n\t<meta name=\"twitter:data1\" content=\"5\u00a0Minuten\" \/>\n<script type=\"application\/ld+json\" class=\"yoast-schema-graph\">{\"@context\":\"https:\\\/\\\/schema.org\",\"@graph\":[{\"@type\":\"WebPage\",\"@id\":\"https:\\\/\\\/berneyassocies.com\\\/evenement\\\/reforme-du-droit-des-successions\\\/\",\"url\":\"https:\\\/\\\/berneyassocies.com\\\/evenement\\\/reforme-du-droit-des-successions\\\/\",\"name\":\"Acheter ou vendre une entreprise : anticipez, ne manquez aucune opportunit\u00e9 - Berney Associ\u00e9s SA\",\"isPartOf\":{\"@id\":\"https:\\\/\\\/berneyassocies.com\\\/#website\"},\"primaryImageOfPage\":{\"@id\":\"https:\\\/\\\/berneyassocies.com\\\/evenement\\\/reforme-du-droit-des-successions\\\/#primaryimage\"},\"image\":{\"@id\":\"https:\\\/\\\/berneyassocies.com\\\/evenement\\\/reforme-du-droit-des-successions\\\/#primaryimage\"},\"thumbnailUrl\":\"https:\\\/\\\/berneyassocies.com\\\/wp-content\\\/uploads\\\/2024\\\/01\\\/event_img_2.png\",\"datePublished\":\"2023-06-26T15:34:00+00:00\",\"dateModified\":\"2025-03-21T16:15:37+00:00\",\"breadcrumb\":{\"@id\":\"https:\\\/\\\/berneyassocies.com\\\/evenement\\\/reforme-du-droit-des-successions\\\/#breadcrumb\"},\"inLanguage\":\"de\",\"potentialAction\":[{\"@type\":\"ReadAction\",\"target\":[\"https:\\\/\\\/berneyassocies.com\\\/evenement\\\/reforme-du-droit-des-successions\\\/\"]}]},{\"@type\":\"ImageObject\",\"inLanguage\":\"de\",\"@id\":\"https:\\\/\\\/berneyassocies.com\\\/evenement\\\/reforme-du-droit-des-successions\\\/#primaryimage\",\"url\":\"https:\\\/\\\/berneyassocies.com\\\/wp-content\\\/uploads\\\/2024\\\/01\\\/event_img_2.png\",\"contentUrl\":\"https:\\\/\\\/berneyassocies.com\\\/wp-content\\\/uploads\\\/2024\\\/01\\\/event_img_2.png\",\"width\":837,\"height\":395},{\"@type\":\"BreadcrumbList\",\"@id\":\"https:\\\/\\\/berneyassocies.com\\\/evenement\\\/reforme-du-droit-des-successions\\\/#breadcrumb\",\"itemListElement\":[{\"@type\":\"ListItem\",\"position\":1,\"name\":\"\u00c9v\u00e9nements\",\"item\":\"https:\\\/\\\/berneyassocies.com\\\/evenement\\\/\"},{\"@type\":\"ListItem\",\"position\":2,\"name\":\"Acheter ou vendre une entreprise : anticipez, ne manquez aucune opportunit\u00e9\"}]},{\"@type\":\"WebSite\",\"@id\":\"https:\\\/\\\/berneyassocies.com\\\/#website\",\"url\":\"https:\\\/\\\/berneyassocies.com\\\/\",\"name\":\"Berney Associ\u00e9s SA\",\"description\":\"Votre fiduciaire en Suisse romande\",\"publisher\":{\"@id\":\"https:\\\/\\\/berneyassocies.com\\\/#organization\"},\"alternateName\":\"Votre fiduciaire en Suisse romande\",\"potentialAction\":[{\"@type\":\"SearchAction\",\"target\":{\"@type\":\"EntryPoint\",\"urlTemplate\":\"https:\\\/\\\/berneyassocies.com\\\/?s={search_term_string}\"},\"query-input\":{\"@type\":\"PropertyValueSpecification\",\"valueRequired\":true,\"valueName\":\"search_term_string\"}}],\"inLanguage\":\"de\"},{\"@type\":\"Organization\",\"@id\":\"https:\\\/\\\/berneyassocies.com\\\/#organization\",\"name\":\"Berney Associ\u00e9s SA\",\"alternateName\":\"Votre fiduciaire en Suisse romande\",\"url\":\"https:\\\/\\\/berneyassocies.com\\\/\",\"logo\":{\"@type\":\"ImageObject\",\"inLanguage\":\"de\",\"@id\":\"https:\\\/\\\/berneyassocies.com\\\/#\\\/schema\\\/logo\\\/image\\\/\",\"url\":\"https:\\\/\\\/berneyassocies.com\\\/wp-content\\\/uploads\\\/2025\\\/05\\\/Berney-Associes-Votre-Fiduciaire-en-Suisse-Romande.png\",\"contentUrl\":\"https:\\\/\\\/berneyassocies.com\\\/wp-content\\\/uploads\\\/2025\\\/05\\\/Berney-Associes-Votre-Fiduciaire-en-Suisse-Romande.png\",\"width\":1200,\"height\":628,\"caption\":\"Berney Associ\u00e9s SA\"},\"image\":{\"@id\":\"https:\\\/\\\/berneyassocies.com\\\/#\\\/schema\\\/logo\\\/image\\\/\"},\"sameAs\":[\"https:\\\/\\\/www.linkedin.com\\\/company\\\/berney-associ-s\\\/?originalSubdomain=fr\",\"https:\\\/\\\/www.instagram.com\\\/berneyassocies\\\/\",\"https:\\\/\\\/www.youtube.com\\\/channel\\\/UCRPy3E8GsTbCeg0qWpCmkpw\"]}]}<\/script>\n<!-- \/ Yoast SEO plugin. -->","yoast_head_json":{"title":"Acheter ou vendre une entreprise : anticipez, ne manquez aucune opportunit\u00e9 - Berney Associ\u00e9s SA","robots":{"index":"index","follow":"follow","max-snippet":"max-snippet:-1","max-image-preview":"max-image-preview:large","max-video-preview":"max-video-preview:-1"},"canonical":"https:\/\/berneyassocies.com\/de\/veranstaltung\/reforme-du-droit-des-successions\/","og_locale":"de_DE","og_type":"article","og_title":"Acheter ou vendre une entreprise : anticipez, ne manquez aucune opportunit\u00e9 - Berney Associ\u00e9s SA","og_description":"\u00c9v\u00e9nement pass\u00e9Avenue Bergi\u00e8res 101004 LausanneLien mapsRetour sur notre s\u00e9minaire \"r\u00e9duisez vos imp\u00f4ts en 2023\" Lundi 26 juin a eu lieu notre \u00e9v\u00e9nement \u00abAcheter ou vendre une entreprise : anticipez, ne manquez aucune opportunit\u00e9\u00bb \u00e0 Impact Hub Lausanne. Ce s\u00e9minaire \u00e9tait destin\u00e9 \u00e0 toute personne souhaitant un jour transmettre son entreprise ou reprendre une soci\u00e9t\u00e9. Il [&hellip;]","og_url":"https:\/\/berneyassocies.com\/de\/wp-json\/wp\/v2\/evenement\/233145","og_site_name":"Berney Associ\u00e9s SA","article_modified_time":"2025-03-21T16:15:37+00:00","og_image":[{"width":837,"height":395,"url":"https:\/\/berneyassocies.com\/wp-content\/uploads\/2024\/01\/event_img_2.png","type":"image\/png"}],"twitter_card":"summary_large_image","twitter_misc":{"Gesch\u00e4tzte Lesezeit":"5\u00a0Minuten"},"schema":{"@context":"https:\/\/schema.org","@graph":[{"@type":"WebPage","@id":"https:\/\/berneyassocies.com\/evenement\/reforme-du-droit-des-successions\/","url":"https:\/\/berneyassocies.com\/evenement\/reforme-du-droit-des-successions\/","name":"Acheter ou vendre une entreprise : anticipez, ne manquez aucune opportunit\u00e9 - Berney Associ\u00e9s SA","isPartOf":{"@id":"https:\/\/berneyassocies.com\/#website"},"primaryImageOfPage":{"@id":"https:\/\/berneyassocies.com\/evenement\/reforme-du-droit-des-successions\/#primaryimage"},"image":{"@id":"https:\/\/berneyassocies.com\/evenement\/reforme-du-droit-des-successions\/#primaryimage"},"thumbnailUrl":"https:\/\/berneyassocies.com\/wp-content\/uploads\/2024\/01\/event_img_2.png","datePublished":"2023-06-26T15:34:00+00:00","dateModified":"2025-03-21T16:15:37+00:00","breadcrumb":{"@id":"https:\/\/berneyassocies.com\/evenement\/reforme-du-droit-des-successions\/#breadcrumb"},"inLanguage":"de","potentialAction":[{"@type":"ReadAction","target":["https:\/\/berneyassocies.com\/evenement\/reforme-du-droit-des-successions\/"]}]},{"@type":"ImageObject","inLanguage":"de","@id":"https:\/\/berneyassocies.com\/evenement\/reforme-du-droit-des-successions\/#primaryimage","url":"https:\/\/berneyassocies.com\/wp-content\/uploads\/2024\/01\/event_img_2.png","contentUrl":"https:\/\/berneyassocies.com\/wp-content\/uploads\/2024\/01\/event_img_2.png","width":837,"height":395},{"@type":"BreadcrumbList","@id":"https:\/\/berneyassocies.com\/evenement\/reforme-du-droit-des-successions\/#breadcrumb","itemListElement":[{"@type":"ListItem","position":1,"name":"\u00c9v\u00e9nements","item":"https:\/\/berneyassocies.com\/evenement\/"},{"@type":"ListItem","position":2,"name":"Acheter ou vendre une entreprise : anticipez, ne manquez aucune opportunit\u00e9"}]},{"@type":"WebSite","@id":"https:\/\/berneyassocies.com\/#website","url":"https:\/\/berneyassocies.com\/","name":"Berney Associ\u00e9s SA","description":"Ihr Treuh\u00e4nder in der Westschweiz","publisher":{"@id":"https:\/\/berneyassocies.com\/#organization"},"alternateName":"Votre fiduciaire en Suisse romande","potentialAction":[{"@type":"SearchAction","target":{"@type":"EntryPoint","urlTemplate":"https:\/\/berneyassocies.com\/?s={search_term_string}"},"query-input":{"@type":"PropertyValueSpecification","valueRequired":true,"valueName":"search_term_string"}}],"inLanguage":"de"},{"@type":"Organization","@id":"https:\/\/berneyassocies.com\/#organization","name":"Berney Associ\u00e9s SA","alternateName":"Votre fiduciaire en Suisse romande","url":"https:\/\/berneyassocies.com\/","logo":{"@type":"ImageObject","inLanguage":"de","@id":"https:\/\/berneyassocies.com\/#\/schema\/logo\/image\/","url":"https:\/\/berneyassocies.com\/wp-content\/uploads\/2025\/05\/Berney-Associes-Votre-Fiduciaire-en-Suisse-Romande.png","contentUrl":"https:\/\/berneyassocies.com\/wp-content\/uploads\/2025\/05\/Berney-Associes-Votre-Fiduciaire-en-Suisse-Romande.png","width":1200,"height":628,"caption":"Berney Associ\u00e9s SA"},"image":{"@id":"https:\/\/berneyassocies.com\/#\/schema\/logo\/image\/"},"sameAs":["https:\/\/www.linkedin.com\/company\/berney-associ-s\/?originalSubdomain=fr","https:\/\/www.instagram.com\/berneyassocies\/","https:\/\/www.youtube.com\/channel\/UCRPy3E8GsTbCeg0qWpCmkpw"]}]}},"_links":{"self":[{"href":"https:\/\/berneyassocies.com\/de\/wp-json\/wp\/v2\/evenement\/233145","targetHints":{"allow":["GET"]}}],"collection":[{"href":"https:\/\/berneyassocies.com\/de\/wp-json\/wp\/v2\/evenement"}],"about":[{"href":"https:\/\/berneyassocies.com\/de\/wp-json\/wp\/v2\/types\/evenement"}],"wp:featuredmedia":[{"embeddable":true,"href":"https:\/\/berneyassocies.com\/de\/wp-json\/wp\/v2\/media\/29386"}],"wp:attachment":[{"href":"https:\/\/berneyassocies.com\/de\/wp-json\/wp\/v2\/media?parent=233145"}],"wp:term":[{"taxonomy":"category","embeddable":true,"href":"https:\/\/berneyassocies.com\/de\/wp-json\/wp\/v2\/categories?post=233145"},{"taxonomy":"evenement-theme","embeddable":true,"href":"https:\/\/berneyassocies.com\/de\/wp-json\/wp\/v2\/evenement-theme?post=233145"},{"taxonomy":"evenement-timeline","embeddable":true,"href":"https:\/\/berneyassocies.com\/de\/wp-json\/wp\/v2\/evenement-timeline?post=233145"}],"curies":[{"name":"wp","href":"https:\/\/api.w.org\/{rel}","templated":true}]}}