{"id":234537,"date":"2024-04-25T15:48:30","date_gmt":"2024-04-25T13:48:30","guid":{"rendered":"https:\/\/berneyassocies.com\/?page_id=234537"},"modified":"2025-11-18T14:04:12","modified_gmt":"2025-11-18T13:04:12","slug":"audit-de-legalite-salariale","status":"publish","type":"page","link":"https:\/\/berneyassocies.com\/en\/entreprises-et-organisations\/audit\/audit-de-legalite-salariale\/","title":{"rendered":"Equal pay audit"},"content":{"rendered":"<p>[et_pb_section fb_built=\u00a0\u00bb1&Prime; custom_padding_last_edited=\u00a0\u00bbon|tablet\u00a0\u00bb _builder_version=\u00a0\u00bb4.24.3&Prime; _module_preset=\u00a0\u00bbdefault\u00a0\u00bb background_color=\u00a0\u00bb#002856&Prime; custom_padding_tablet=\u00a0\u00bb1rem||1rem||true|false\u00a0\u00bb custom_padding_phone=\u00a0\u00bb1rem||1rem||true|false\u00a0\u00bb da_disable_devices=\u00a0\u00bboff|off|off\u00a0\u00bb global_colors_info=\u00a0\u00bb{}\u00a0\u00bb da_is_popup=\u00a0\u00bboff\u00a0\u00bb da_exit_intent=\u00a0\u00bboff\u00a0\u00bb da_has_close=\u00a0\u00bbon\u00a0\u00bb da_alt_close=\u00a0\u00bboff\u00a0\u00bb da_dark_close=\u00a0\u00bboff\u00a0\u00bb da_not_modal=\u00a0\u00bbon\u00a0\u00bb da_is_singular=\u00a0\u00bboff\u00a0\u00bb da_with_loader=\u00a0\u00bboff\u00a0\u00bb da_has_shadow=\u00a0\u00bbon\u00a0\u00bb][et_pb_row _builder_version=\u00a0\u00bb4.23.4&Prime; _module_preset=\u00a0\u00bbdefault\u00a0\u00bb global_colors_info=\u00a0\u00bb{}\u00a0\u00bb][et_pb_column type=\u00a0\u00bb4_4&Prime; _builder_version=\u00a0\u00bb4.23.4&Prime; _module_preset=\u00a0\u00bbdefault\u00a0\u00bb global_colors_info=\u00a0\u00bb{}\u00a0\u00bb][et_pb_text _builder_version=\u00a0\u00bb4.25.1&Prime; _dynamic_attributes=\u00a0\u00bbcontent\u00a0\u00bb _module_preset=\u00a0\u00bbdefault\u00a0\u00bb text_font=\u00a0\u00bbTheW NYC Regular||||||||\u00a0\u00bb text_text_color=\u00a0\u00bbgcid-8e43273b-69bc-45d5-a817-07da9f1ce23e\u00a0\u00bb text_font_size=\u00a0\u00bb93px\u00a0\u00bb text_line_height=\u00a0\u00bb1.1em\u00a0\u00bb header_text_color=\u00a0\u00bbgcid-8e43273b-69bc-45d5-a817-07da9f1ce23e\u00a0\u00bb header_font_size=\u00a0\u00bb93px\u00a0\u00bb text_font_size_tablet=\u00a0\u00bb73px\u00a0\u00bb text_font_size_phone=\u00a0\u00bb45px\u00a0\u00bb text_font_size_last_edited=\u00a0\u00bbon|phone\u00a0\u00bb text_line_height_tablet=\u00a0\u00bb1.1em\u00a0\u00bb text_line_height_phone=\u00a0\u00bb1.3em\u00a0\u00bb text_line_height_last_edited=\u00a0\u00bbon|phone\u00a0\u00bb header_font_size_tablet=\u00a0\u00bb73px\u00a0\u00bb header_font_size_phone=\u00a0\u00bb45px\u00a0\u00bb header_font_size_last_edited=\u00a0\u00bbon|desktop\u00a0\u00bb global_colors_info=\u00a0\u00bb{%22gcid-8e43273b-69bc-45d5-a817-07da9f1ce23e%22:%91%22header_text_color%22,%22text_text_color%22%93}\u00a0\u00bb]@ET-DC@eyJkeW5hbWljIjp0cnVlLCJjb250ZW50IjoicG9zdF90aXRsZSIsInNldHRpbmdzIjp7ImJlZm9yZSI6IiIsImFmdGVyIjoiIn19@[\/et_pb_text][\/et_pb_column][\/et_pb_row][\/et_pb_section][et_pb_section fb_built=\u00a0\u00bb1&Prime; _builder_version=\u00a0\u00bb4.24.3&Prime; _module_preset=\u00a0\u00bbdefault\u00a0\u00bb custom_padding=\u00a0\u00bb0px||||false|false\u00a0\u00bb da_disable_devices=\u00a0\u00bboff|off|off\u00a0\u00bb global_colors_info=\u00a0\u00bb{}\u00a0\u00bb da_is_popup=\u00a0\u00bboff\u00a0\u00bb da_exit_intent=\u00a0\u00bboff\u00a0\u00bb da_has_close=\u00a0\u00bbon\u00a0\u00bb da_alt_close=\u00a0\u00bboff\u00a0\u00bb da_dark_close=\u00a0\u00bboff\u00a0\u00bb da_not_modal=\u00a0\u00bbon\u00a0\u00bb da_is_singular=\u00a0\u00bboff\u00a0\u00bb da_with_loader=\u00a0\u00bboff\u00a0\u00bb da_has_shadow=\u00a0\u00bbon\u00a0\u00bb][et_pb_row _builder_version=\u00a0\u00bb4.23.4&Prime; _module_preset=\u00a0\u00bbdefault\u00a0\u00bb global_colors_info=\u00a0\u00bb{}\u00a0\u00bb][et_pb_column type=\u00a0\u00bb4_4&Prime; _builder_version=\u00a0\u00bb4.23.4&Prime; _module_preset=\u00a0\u00bbdefault\u00a0\u00bb global_colors_info=\u00a0\u00bb{}\u00a0\u00bb][et_pb_code module_class=\u00a0\u00bbbreadcrumb\u00a0\u00bb _builder_version=\u00a0\u00bb4.24.3&Prime; _module_preset=\u00a0\u00bbdefault\u00a0\u00bb custom_margin=\u00a0\u00bb0px||||false|false\u00a0\u00bb global_module=\u00a0\u00bb233714&Prime; global_colors_info=\u00a0\u00bb{}\u00a0\u00bb][\/et_pb_code][\/et_pb_column][\/et_pb_row][et_pb_row _builder_version=\u00a0\u00bb4.23.4&Prime; _module_preset=\u00a0\u00bbdefault\u00a0\u00bb global_colors_info=\u00a0\u00bb{}\u00a0\u00bb][et_pb_column type=\u00a0\u00bb4_4&Prime; _builder_version=\u00a0\u00bb4.23.4&Prime; _module_preset=\u00a0\u00bbdefault\u00a0\u00bb global_colors_info=\u00a0\u00bb{}\u00a0\u00bb][et_pb_text _builder_version=\u00a0\u00bb4.25.1&Prime; _module_preset=\u00a0\u00bbdefault\u00a0\u00bb header_2_text_color=\u00a0\u00bb#002856&Prime; header_2_font_size=\u00a0\u00bb50px\u00a0\u00bb header_2_line_height=\u00a0\u00bb1.3em\u00a0\u00bb max_width=\u00a0\u00bb80%\u00a0\u00bb max_width_tablet=\u00a0\u00bb100%\u00a0\u00bb max_width_phone=\u00a0\u00bb100%\u00a0\u00bb max_width_last_edited=\u00a0\u00bbon|tablet\u00a0\u00bb header_2_font_size_tablet=\u00a0\u00bb40px\u00a0\u00bb header_2_font_size_phone=\u00a0\u00bb30px\u00a0\u00bb header_2_font_size_last_edited=\u00a0\u00bbon|phone\u00a0\u00bb global_colors_info=\u00a0\u00bb{}\u00a0\u00bb]<\/p>\n<h2><span style=\"font-weight: 400;\">Chez Berney Associ\u00e9s, nous offrons un <span style=\"color: #fb0346;\">accompagnement complet<\/span> pour l&rsquo;analyse de l&rsquo;\u00e9galit\u00e9 salariale au sein de votre soci\u00e9t\u00e9.<\/span><\/h2>\n<p>[\/et_pb_text][et_pb_text _builder_version=\u00a0\u00bb4.25.1&Prime; _module_preset=\u00a0\u00bbdefault\u00a0\u00bb max_width=\u00a0\u00bb70%\u00a0\u00bb max_width_tablet=\u00a0\u00bb100%\u00a0\u00bb max_width_phone=\u00a0\u00bb100%\u00a0\u00bb max_width_last_edited=\u00a0\u00bbon|tablet\u00a0\u00bb global_colors_info=\u00a0\u00bb{}\u00a0\u00bb]<\/p>\n<p><span style=\"font-weight: 400;\">Conform\u00e9ment \u00e0 la l\u00e9gislation suisse r\u00e9cente, qui vise \u00e0 \u00e9liminer les disparit\u00e9s salariales entre femmes et hommes, les entreprises sont d\u00e9sormais tenues de r\u00e9aliser et de v\u00e9rifier r\u00e9guli\u00e8rement une analyse de l&rsquo;\u00e9galit\u00e9 salariale. Cette mesure vise \u00e0 garantir une r\u00e9mun\u00e9ration \u00e9quitable pour tous, ind\u00e9pendamment du genre.<\/span><\/p>\n<p>[\/et_pb_text][\/et_pb_column][\/et_pb_row][et_pb_row _builder_version=\u00a0\u00bb4.25.1&Prime; _module_preset=\u00a0\u00bbdefault\u00a0\u00bb custom_margin=\u00a0\u00bb||||false|false\u00a0\u00bb custom_padding=\u00a0\u00bb||||false|false\u00a0\u00bb global_colors_info=\u00a0\u00bb{}\u00a0\u00bb][et_pb_column type=\u00a0\u00bb4_4&Prime; _builder_version=\u00a0\u00bb4.25.1&Prime; _module_preset=\u00a0\u00bbdefault\u00a0\u00bb global_colors_info=\u00a0\u00bb{}\u00a0\u00bb][et_pb_text _builder_version=\u00a0\u00bb4.25.1&Prime; _module_preset=\u00a0\u00bbdefault\u00a0\u00bb header_2_text_color=\u00a0\u00bb#002856&Prime; header_2_font_size=\u00a0\u00bb50px\u00a0\u00bb header_2_line_height=\u00a0\u00bb1.2em\u00a0\u00bb header_3_text_color=\u00a0\u00bb#002856&Prime; header_3_font_size=\u00a0\u00bb2em\u00a0\u00bb header_3_line_height=\u00a0\u00bb1.2em\u00a0\u00bb max_width_tablet=\u00a0\u00bb100%\u00a0\u00bb max_width_phone=\u00a0\u00bb100%\u00a0\u00bb max_width_last_edited=\u00a0\u00bbon|tablet\u00a0\u00bb module_alignment=\u00a0\u00bbcenter\u00a0\u00bb custom_margin=\u00a0\u00bb||1em||false|false\u00a0\u00bb header_2_font_size_tablet=\u00a0\u00bb40px\u00a0\u00bb header_2_font_size_phone=\u00a0\u00bb30px\u00a0\u00bb header_2_font_size_last_edited=\u00a0\u00bbon|phone\u00a0\u00bb header_3_font_size_tablet=\u00a0\u00bb2em\u00a0\u00bb header_3_font_size_phone=\u00a0\u00bb1.8em\u00a0\u00bb header_3_font_size_last_edited=\u00a0\u00bbon|phone\u00a0\u00bb global_colors_info=\u00a0\u00bb{}\u00a0\u00bb]<\/p>\n<h3><span style=\"font-weight: 400;\">Contexte en Suisse<\/span><\/h3>\n<p>[\/et_pb_text][et_pb_text _builder_version=\u00a0\u00bb4.25.1&Prime; _module_preset=\u00a0\u00bbdefault\u00a0\u00bb max_width=\u00a0\u00bb70%\u00a0\u00bb max_width_tablet=\u00a0\u00bb100%\u00a0\u00bb max_width_phone=\u00a0\u00bb100%\u00a0\u00bb max_width_last_edited=\u00a0\u00bbon|tablet\u00a0\u00bb global_colors_info=\u00a0\u00bb{}\u00a0\u00bb]<\/p>\n<p><span style=\"font-weight: 400;\">La l\u00e9gislation suisse impose d\u00e9sormais aux entreprises de plus de 100 employ\u00e9s de proc\u00e9der \u00e0 une analyse de l&rsquo;\u00e9galit\u00e9 salariale, une initiative soutenue par le gouvernement pour promouvoir la justice et l&rsquo;\u00e9quit\u00e9 dans l&rsquo;environnement de travail. Cette analyse doit \u00eatre v\u00e9rifi\u00e9e par un tiers ind\u00e9pendant et les r\u00e9sultats communiqu\u00e9s aux employ\u00e9s ou, dans le cas des soci\u00e9t\u00e9s cot\u00e9es en bourse, publi\u00e9s.<\/span><\/p>\n<p><span style=\"font-weight: 400;\">Cela concerne non seulement les grandes entreprises mais aussi les administrations publiques, marquant un pas important vers la transparence et l&rsquo;\u00e9galit\u00e9 dans le milieu professionnel suisse. <\/span><\/p>\n<p>[\/et_pb_text][\/et_pb_column][\/et_pb_row][et_pb_row _builder_version=\u00a0\u00bb4.23.4&Prime; _module_preset=\u00a0\u00bbdefault\u00a0\u00bb custom_padding=\u00a0\u00bb||0px||false|false\u00a0\u00bb global_colors_info=\u00a0\u00bb{}\u00a0\u00bb][et_pb_column type=\u00a0\u00bb4_4&Prime; _builder_version=\u00a0\u00bb4.23.4&Prime; _module_preset=\u00a0\u00bbdefault\u00a0\u00bb global_colors_info=\u00a0\u00bb{}\u00a0\u00bb][et_pb_text _builder_version=\u00a0\u00bb4.25.1&Prime; _module_preset=\u00a0\u00bbdefault\u00a0\u00bb header_2_text_color=\u00a0\u00bb#002856&Prime; header_2_font_size=\u00a0\u00bb50px\u00a0\u00bb header_2_line_height=\u00a0\u00bb1.2em\u00a0\u00bb max_width=\u00a0\u00bb80%\u00a0\u00bb max_width_tablet=\u00a0\u00bb100%\u00a0\u00bb max_width_phone=\u00a0\u00bb100%\u00a0\u00bb max_width_last_edited=\u00a0\u00bbon|tablet\u00a0\u00bb header_2_font_size_tablet=\u00a0\u00bb40px\u00a0\u00bb header_2_font_size_phone=\u00a0\u00bb30px\u00a0\u00bb header_2_font_size_last_edited=\u00a0\u00bbon|phone\u00a0\u00bb global_colors_info=\u00a0\u00bb{}\u00a0\u00bb]<\/p>\n<h2><span style=\"font-weight: 400;\">Nos services pour l&rsquo;\u00e9galit\u00e9 des salaires<\/span><\/h2>\n<p>[\/et_pb_text][et_pb_text _builder_version=\u00a0\u00bb4.25.1&Prime; _module_preset=\u00a0\u00bbdefault\u00a0\u00bb max_width=\u00a0\u00bb70%\u00a0\u00bb max_width_tablet=\u00a0\u00bb100%\u00a0\u00bb max_width_phone=\u00a0\u00bb100%\u00a0\u00bb max_width_last_edited=\u00a0\u00bbon|tablet\u00a0\u00bb global_colors_info=\u00a0\u00bb{}\u00a0\u00bb]<\/p>\n<p><span style=\"font-weight: 400;\">Chez Berney Associ\u00e9s, nous offrons un accompagnement complet pour l&rsquo;analyse de l&rsquo;\u00e9galit\u00e9 salariale au sein de votre soci\u00e9t\u00e9. Nos services incluent: <\/span><\/p>\n<p>[\/et_pb_text][\/et_pb_column][\/et_pb_row][et_pb_row column_structure=\u00a0\u00bb1_3,1_3,1_3&Prime; _builder_version=\u00a0\u00bb4.25.1&Prime; _module_preset=\u00a0\u00bbdefault\u00a0\u00bb global_colors_info=\u00a0\u00bb{}\u00a0\u00bb][et_pb_column type=\u00a0\u00bb1_3&Prime; _builder_version=\u00a0\u00bb4.23.4&Prime; _module_preset=\u00a0\u00bbdefault\u00a0\u00bb global_colors_info=\u00a0\u00bb{}\u00a0\u00bb][et_pb_blurb title=\u00a0\u00bbV\u00e9rification de l&rsquo;\u00e9galit\u00e9 salariale\u00a0\u00bb use_icon=\u00a0\u00bbon\u00a0\u00bb font_icon=\u00a0\u00bb&#xe052;||divi||400&Prime; icon_color=\u00a0\u00bb#FB0346&Prime; icon_placement=\u00a0\u00bbleft\u00a0\u00bb image_icon_width=\u00a0\u00bb25px\u00a0\u00bb _builder_version=\u00a0\u00bb4.25.1&Prime; _module_preset=\u00a0\u00bbdefault\u00a0\u00bb header_font=\u00a0\u00bbHK Grotesk SemiBold||||||||\u00a0\u00bb header_text_color=\u00a0\u00bb#002856&Prime; header_font_size=\u00a0\u00bb24px\u00a0\u00bb header_line_height=\u00a0\u00bb1.2em\u00a0\u00bb body_text_color=\u00a0\u00bb#002856&Prime; global_colors_info=\u00a0\u00bb{}\u00a0\u00bb]<\/p>\n<p>Audit de l\u2019auto\u00e9valuation r\u00e9alis\u00e9e par votre soci\u00e9t\u00e9 dans un d\u00e9lai d\u2019un an conform\u00e9ment aux obligations l\u00e9gales et \u00e9mission de notre rapport y relatif.<\/p>\n<p>[\/et_pb_blurb][\/et_pb_column][et_pb_column type=\u00a0\u00bb1_3&Prime; _builder_version=\u00a0\u00bb4.23.4&Prime; _module_preset=\u00a0\u00bbdefault\u00a0\u00bb global_colors_info=\u00a0\u00bb{}\u00a0\u00bb][et_pb_blurb title=\u00a0\u00bbR\u00e9alisation de votre auto\u00e9valuation de l\u2019\u00e9galit\u00e9 salariale\u00a0\u00bb use_icon=\u00a0\u00bbon\u00a0\u00bb font_icon=\u00a0\u00bb&#xe052;||divi||400&Prime; icon_color=\u00a0\u00bb#FB0346&Prime; icon_placement=\u00a0\u00bbleft\u00a0\u00bb image_icon_width=\u00a0\u00bb25px\u00a0\u00bb _builder_version=\u00a0\u00bb4.25.1&Prime; _module_preset=\u00a0\u00bbdefault\u00a0\u00bb header_font=\u00a0\u00bbHK Grotesk SemiBold||||||||\u00a0\u00bb header_text_color=\u00a0\u00bb#002856&Prime; header_font_size=\u00a0\u00bb24px\u00a0\u00bb body_text_color=\u00a0\u00bb#002856&Prime; body_link_font=\u00a0\u00bb||||on|||#002856|\u00a0\u00bb body_link_text_color=\u00a0\u00bb#002856&Prime; global_colors_info=\u00a0\u00bb{}\u00a0\u00bb]<\/p>\n<p>Notre \u00e9quipe peut vous accompagner dans la r\u00e9alisation de votre analyse de l\u2019\u00e9galit\u00e9 salariale afin d\u2019obtenir un r\u00e9sultat fiable et ind\u00e9pendant. Nous pourrons vous aider \u00e0 comprendre et expliquer les r\u00e9sultats obtenus.<\/p>\n<p>[\/et_pb_blurb][\/et_pb_column][et_pb_column type=\u00a0\u00bb1_3&Prime; _builder_version=\u00a0\u00bb4.23.4&Prime; _module_preset=\u00a0\u00bbdefault\u00a0\u00bb global_colors_info=\u00a0\u00bb{}\u00a0\u00bb][et_pb_blurb title=\u00a0\u00bbUtilisation de l&rsquo;outil Logib\u00a0\u00bb use_icon=\u00a0\u00bbon\u00a0\u00bb font_icon=\u00a0\u00bb&#xe052;||divi||400&Prime; icon_color=\u00a0\u00bb#FB0346&Prime; icon_placement=\u00a0\u00bbleft\u00a0\u00bb image_icon_width=\u00a0\u00bb25px\u00a0\u00bb _builder_version=\u00a0\u00bb4.25.1&Prime; _module_preset=\u00a0\u00bbdefault\u00a0\u00bb header_font=\u00a0\u00bbHK Grotesk SemiBold||||||||\u00a0\u00bb header_text_color=\u00a0\u00bb#002856&Prime; header_font_size=\u00a0\u00bb24px\u00a0\u00bb body_text_color=\u00a0\u00bb#002856&Prime; body_link_font=\u00a0\u00bb||||on|||#002856|\u00a0\u00bb body_link_text_color=\u00a0\u00bb#002856&Prime; global_colors_info=\u00a0\u00bb{}\u00a0\u00bb]<\/p>\n<p><span data-metadata=\"&lt;!--(figmeta)eyJmaWxlS2V5IjoiTDRzQXZ3ckxQRllqMGVCb0E5dUFvVyIsInBhc3RlSUQiOjU4MzYzMzE2LCJkYXRhVHlwZSI6InNjZW5lIn0K(\/figmeta)--&gt;\"><\/span><span style=\"font-weight: 400;\">Nous employons <a href=\"https:\/\/www.ebg.admin.ch\/fr\/egalite-salariale-logib\" target=\"_blank\" rel=\"noopener\">Logib<\/a>, un outil recommand\u00e9 par la Conf\u00e9d\u00e9ration, pour analyser l&rsquo;\u00e9galit\u00e9 salariale de mani\u00e8re objective et conforme aux directives l\u00e9gales.<\/span><\/p>\n<p>[\/et_pb_blurb][\/et_pb_column][\/et_pb_row][et_pb_row _builder_version=\u00a0\u00bb4.25.1&Prime; _module_preset=\u00a0\u00bbdefault\u00a0\u00bb width_tablet=\u00a0\u00bb100%\u00a0\u00bb width_phone=\u00a0\u00bb100%\u00a0\u00bb width_last_edited=\u00a0\u00bbon|phone\u00a0\u00bb min_height_tablet=\u00a0\u00bb\u00a0\u00bb min_height_phone=\u00a0\u00bb\u00a0\u00bb min_height_last_edited=\u00a0\u00bbon|phone\u00a0\u00bb animation_style=\u00a0\u00bbfade\u00a0\u00bb global_colors_info=\u00a0\u00bb{}\u00a0\u00bb][et_pb_column type=\u00a0\u00bb4_4&Prime; _builder_version=\u00a0\u00bb4.23.4&Prime; _module_preset=\u00a0\u00bbdefault\u00a0\u00bb global_colors_info=\u00a0\u00bb{}\u00a0\u00bb][et_pb_image src=\u00a0\u00bbhttps:\/\/berneyassocies.com\/wp-content\/uploads\/2024\/05\/berney-associes-fiduciaire-suisse-romande-services-01-scaled.jpg\u00a0\u00bb title_text=\u00a0\u00bbberney-associes-fiduciaire-suisse-romande-services-01&Prime; force_fullwidth=\u00a0\u00bbon\u00a0\u00bb module_class=\u00a0\u00bbimg-cta\u00a0\u00bb _builder_version=\u00a0\u00bb4.25.1&Prime; _module_preset=\u00a0\u00bbdefault\u00a0\u00bb height=\u00a0\u00bb45vh\u00a0\u00bb global_colors_info=\u00a0\u00bb{}\u00a0\u00bb][\/et_pb_image][\/et_pb_column][\/et_pb_row][et_pb_row column_structure=\u00a0\u00bb1_2,1_2&Prime; _builder_version=\u00a0\u00bb4.25.1&Prime; _module_preset=\u00a0\u00bbdefault\u00a0\u00bb custom_margin=\u00a0\u00bb||||false|false\u00a0\u00bb custom_padding=\u00a0\u00bb||||false|false\u00a0\u00bb global_colors_info=\u00a0\u00bb{}\u00a0\u00bb][et_pb_column type=\u00a0\u00bb1_2&Prime; _builder_version=\u00a0\u00bb4.25.1&Prime; _module_preset=\u00a0\u00bbdefault\u00a0\u00bb global_colors_info=\u00a0\u00bb{}\u00a0\u00bb][et_pb_text _builder_version=\u00a0\u00bb4.25.1&Prime; _module_preset=\u00a0\u00bbdefault\u00a0\u00bb header_2_text_color=\u00a0\u00bb#002856&Prime; header_2_font_size=\u00a0\u00bb50px\u00a0\u00bb header_2_line_height=\u00a0\u00bb1.2em\u00a0\u00bb header_3_text_color=\u00a0\u00bb#002856&Prime; header_3_font_size=\u00a0\u00bb2em\u00a0\u00bb header_3_line_height=\u00a0\u00bb1.2em\u00a0\u00bb max_width_tablet=\u00a0\u00bb100%\u00a0\u00bb max_width_phone=\u00a0\u00bb100%\u00a0\u00bb max_width_last_edited=\u00a0\u00bbon|tablet\u00a0\u00bb module_alignment=\u00a0\u00bbcenter\u00a0\u00bb custom_margin=\u00a0\u00bb||1em||false|false\u00a0\u00bb header_2_font_size_tablet=\u00a0\u00bb40px\u00a0\u00bb header_2_font_size_phone=\u00a0\u00bb30px\u00a0\u00bb header_2_font_size_last_edited=\u00a0\u00bbon|phone\u00a0\u00bb header_3_font_size_tablet=\u00a0\u00bb2em\u00a0\u00bb header_3_font_size_phone=\u00a0\u00bb1.8em\u00a0\u00bb header_3_font_size_last_edited=\u00a0\u00bbon|phone\u00a0\u00bb global_colors_info=\u00a0\u00bb{}\u00a0\u00bb]<\/p>\n<h3><span style=\"font-weight: 400;\">Analyse avec Logib<\/span><\/h3>\n<p>[\/et_pb_text][et_pb_text ul_type=\u00a0\u00bbsquare\u00a0\u00bb ul_position=\u00a0\u00bbinside\u00a0\u00bb _builder_version=\u00a0\u00bb4.25.1&Prime; _module_preset=\u00a0\u00bbdefault\u00a0\u00bb ul_text_align=\u00a0\u00bbleft\u00a0\u00bb ul_text_color=\u00a0\u00bb#002856&Prime; max_width_tablet=\u00a0\u00bb100%\u00a0\u00bb max_width_phone=\u00a0\u00bb100%\u00a0\u00bb max_width_last_edited=\u00a0\u00bbon|tablet\u00a0\u00bb module_alignment=\u00a0\u00bbcenter\u00a0\u00bb global_colors_info=\u00a0\u00bb{}\u00a0\u00bb]<\/p>\n<p>Logib est un outil d\u2019analyse en ligne d\u00e9velopp\u00e9 pour faciliter l\u2019auto\u00e9valuation de l\u2019\u00e9galit\u00e9 salariale dans les entreprises. Simple d\u2019utilisation mais rigoureux dans son approche, Logib permet de diagnostiquer de mani\u00e8re fiable les \u00e9carts de r\u00e9mun\u00e9ration entre les femmes et les hommes. Nous vous guidons dans l\u2019utilisation de Logib pour garantir non seulement la conformit\u00e9 avec la loi, mais aussi pour vous aider \u00e0 mettre en \u0153uvre des pratiques salariales justes et transparentes.<\/p>\n<ul><\/ul>\n<p>[\/et_pb_text][\/et_pb_column][et_pb_column type=\u00a0\u00bb1_2&Prime; _builder_version=\u00a0\u00bb4.23.4&Prime; _module_preset=\u00a0\u00bbdefault\u00a0\u00bb global_colors_info=\u00a0\u00bb{}\u00a0\u00bb][et_pb_text _builder_version=\u00a0\u00bb4.25.1&Prime; _module_preset=\u00a0\u00bbdefault\u00a0\u00bb header_2_text_color=\u00a0\u00bb#002856&Prime; header_2_font_size=\u00a0\u00bb50px\u00a0\u00bb header_2_line_height=\u00a0\u00bb1.2em\u00a0\u00bb header_3_text_color=\u00a0\u00bb#002856&Prime; header_3_font_size=\u00a0\u00bb2em\u00a0\u00bb header_3_line_height=\u00a0\u00bb1.2em\u00a0\u00bb max_width_tablet=\u00a0\u00bb100%\u00a0\u00bb max_width_phone=\u00a0\u00bb100%\u00a0\u00bb max_width_last_edited=\u00a0\u00bbon|tablet\u00a0\u00bb custom_margin=\u00a0\u00bb||1em||false|false\u00a0\u00bb header_2_font_size_tablet=\u00a0\u00bb40px\u00a0\u00bb header_2_font_size_phone=\u00a0\u00bb30px\u00a0\u00bb header_2_font_size_last_edited=\u00a0\u00bbon|phone\u00a0\u00bb header_3_font_size_tablet=\u00a0\u00bb2em\u00a0\u00bb header_3_font_size_phone=\u00a0\u00bb1.8em\u00a0\u00bb header_3_font_size_last_edited=\u00a0\u00bbon|phone\u00a0\u00bb global_colors_info=\u00a0\u00bb{}\u00a0\u00bb]<\/p>\n<h3><span style=\"font-weight: 400;\">D\u00e9fis pour les employeurs<\/span><\/h3>\n<p>[\/et_pb_text][et_pb_text _builder_version=\u00a0\u00bb4.25.1&Prime; _module_preset=\u00a0\u00bbdefault\u00a0\u00bb max_width_tablet=\u00a0\u00bb100%\u00a0\u00bb max_width_phone=\u00a0\u00bb100%\u00a0\u00bb max_width_last_edited=\u00a0\u00bbon|tablet\u00a0\u00bb global_colors_info=\u00a0\u00bb{}\u00a0\u00bb]<\/p>\n<p><span style=\"font-weight: 400;\">L&rsquo;impl\u00e9mentation d&rsquo;une \u00e9galit\u00e9 salariale effective repr\u00e9sente un d\u00e9fi majeur pour de nombreux employeurs. Cela n\u00e9cessite une compr\u00e9hension approfondie des structures salariales internes, ainsi que des ajustements potentiels pour rem\u00e9dier \u00e0 toute in\u00e9galit\u00e9 identifi\u00e9e. Notre r\u00f4le est de vous accompagner \u00e0 travers ce processus complexe, en assurant une transition fluide vers des pratiques plus \u00e9quitables. <\/span><\/p>\n<p>[\/et_pb_text][\/et_pb_column][\/et_pb_row][et_pb_row column_structure=\u00a0\u00bb1_2,1_2&Prime; _builder_version=\u00a0\u00bb4.25.1&Prime; _module_preset=\u00a0\u00bbdefault\u00a0\u00bb custom_margin=\u00a0\u00bb||30px||false|false\u00a0\u00bb custom_padding=\u00a0\u00bb||||false|false\u00a0\u00bb global_colors_info=\u00a0\u00bb{}\u00a0\u00bb][et_pb_column type=\u00a0\u00bb1_2&Prime; _builder_version=\u00a0\u00bb4.25.1&Prime; _module_preset=\u00a0\u00bbdefault\u00a0\u00bb global_colors_info=\u00a0\u00bb{}\u00a0\u00bb][et_pb_text _builder_version=\u00a0\u00bb4.27.4&Prime; _module_preset=\u00a0\u00bbdefault\u00a0\u00bb header_2_text_color=\u00a0\u00bb#002856&Prime; header_2_font_size=\u00a0\u00bb50px\u00a0\u00bb header_2_line_height=\u00a0\u00bb1.2em\u00a0\u00bb header_3_text_color=\u00a0\u00bb#002856&Prime; header_3_font_size=\u00a0\u00bb2em\u00a0\u00bb header_3_line_height=\u00a0\u00bb1.2em\u00a0\u00bb max_width_tablet=\u00a0\u00bb100%\u00a0\u00bb max_width_phone=\u00a0\u00bb100%\u00a0\u00bb max_width_last_edited=\u00a0\u00bbon|tablet\u00a0\u00bb module_alignment=\u00a0\u00bbcenter\u00a0\u00bb custom_margin=\u00a0\u00bb||1em||false|false\u00a0\u00bb hover_enabled=\u00a0\u00bb0&Prime; header_2_font_size_tablet=\u00a0\u00bb40px\u00a0\u00bb header_2_font_size_phone=\u00a0\u00bb30px\u00a0\u00bb header_2_font_size_last_edited=\u00a0\u00bbon|phone\u00a0\u00bb header_3_font_size_tablet=\u00a0\u00bb2em\u00a0\u00bb header_3_font_size_phone=\u00a0\u00bb1.8em\u00a0\u00bb header_3_font_size_last_edited=\u00a0\u00bbon|phone\u00a0\u00bb global_colors_info=\u00a0\u00bb{}\u00a0\u00bb sticky_enabled=\u00a0\u00bb0&Prime;]<\/p>\n<h3><span style=\"font-weight: 400;\">Apr\u00e8s le 30 juin 2021<\/span><\/h3>\n<p>[\/et_pb_text][et_pb_text ul_type=\u00a0\u00bbsquare\u00a0\u00bb ul_position=\u00a0\u00bbinside\u00a0\u00bb _builder_version=\u00a0\u00bb4.25.1&Prime; _module_preset=\u00a0\u00bbdefault\u00a0\u00bb ul_text_align=\u00a0\u00bbleft\u00a0\u00bb ul_text_color=\u00a0\u00bb#002856&Prime; max_width_tablet=\u00a0\u00bb100%\u00a0\u00bb max_width_phone=\u00a0\u00bb100%\u00a0\u00bb max_width_last_edited=\u00a0\u00bbon|tablet\u00a0\u00bb module_alignment=\u00a0\u00bbcenter\u00a0\u00bb global_colors_info=\u00a0\u00bb{}\u00a0\u00bb]<\/p>\n<p>Cette date marque une \u00e9ch\u00e9ance importante pour les entreprises suisses, les obligeant \u00e0 avoir r\u00e9alis\u00e9 leur premi\u00e8re analyse de l\u2019\u00e9galit\u00e9 salariale. Pour les nouvelles entreprises atteignant le seuil d\u2019employ\u00e9s requis ou celles cherchant \u00e0 maintenir leur conformit\u00e9, Berney Associ\u00e9s vous offre une expertise continue. Nous vous aidons \u00e9galement \u00e0 impl\u00e9menter des suivis r\u00e9guliers, garantissant ainsi le respect constant des normes d\u2019\u00e9galit\u00e9 salariale.<\/p>\n<ul><\/ul>\n<p>[\/et_pb_text][\/et_pb_column][et_pb_column type=\u00a0\u00bb1_2&Prime; _builder_version=\u00a0\u00bb4.23.4&Prime; _module_preset=\u00a0\u00bbdefault\u00a0\u00bb global_colors_info=\u00a0\u00bb{}\u00a0\u00bb][\/et_pb_column][\/et_pb_row][\/et_pb_section][et_pb_section fb_built=\u00a0\u00bb1&Prime; _builder_version=\u00a0\u00bb4.27.0&Prime; _module_preset=\u00a0\u00bbdefault\u00a0\u00bb custom_margin=\u00a0\u00bb3vh||10vh||false|false\u00a0\u00bb custom_padding=\u00a0\u00bb0px||0px||true|false\u00a0\u00bb da_disable_devices=\u00a0\u00bboff|off|off\u00a0\u00bb global_colors_info=\u00a0\u00bb{}\u00a0\u00bb da_is_popup=\u00a0\u00bboff\u00a0\u00bb da_exit_intent=\u00a0\u00bboff\u00a0\u00bb da_has_close=\u00a0\u00bbon\u00a0\u00bb da_alt_close=\u00a0\u00bboff\u00a0\u00bb da_dark_close=\u00a0\u00bboff\u00a0\u00bb da_not_modal=\u00a0\u00bbon\u00a0\u00bb da_is_singular=\u00a0\u00bboff\u00a0\u00bb da_with_loader=\u00a0\u00bboff\u00a0\u00bb da_has_shadow=\u00a0\u00bbon\u00a0\u00bb][et_pb_row column_structure=\u00a0\u00bb1_2,1_2&Prime; use_custom_gutter=\u00a0\u00bbon\u00a0\u00bb gutter_width=\u00a0\u00bb2&Prime; make_equal=\u00a0\u00bbon\u00a0\u00bb _builder_version=\u00a0\u00bb4.27.0&Prime; _module_preset=\u00a0\u00bbdefault\u00a0\u00bb custom_margin=\u00a0\u00bb||0px||false|false\u00a0\u00bb custom_padding=\u00a0\u00bb||0px||false|false\u00a0\u00bb global_colors_info=\u00a0\u00bb{}\u00a0\u00bb][et_pb_column type=\u00a0\u00bb1_2&Prime; _builder_version=\u00a0\u00bb4.23.4&Prime; _module_preset=\u00a0\u00bbdefault\u00a0\u00bb global_colors_info=\u00a0\u00bb{}\u00a0\u00bb][et_pb_image src=\u00a0\u00bbhttps:\/\/berneyassocies.com\/wp-content\/uploads\/2024\/05\/berney-associes-fiduciaire-suisse-romande-service-startups-contact-1.jpg\u00a0\u00bb title_text=\u00a0\u00bbberney-associes-fiduciaire-suisse-romande-service-startups-contact\u00a0\u00bb force_fullwidth=\u00a0\u00bbon\u00a0\u00bb module_class=\u00a0\u00bbimg-cta\u00a0\u00bb _builder_version=\u00a0\u00bb4.25.1&Prime; _module_preset=\u00a0\u00bbdefault\u00a0\u00bb height=\u00a0\u00bb55vh\u00a0\u00bb animation_style=\u00a0\u00bbslide\u00a0\u00bb animation_direction=\u00a0\u00bbbottom\u00a0\u00bb animation_intensity_slide=\u00a0\u00bb3%\u00a0\u00bb global_colors_info=\u00a0\u00bb{}\u00a0\u00bb][\/et_pb_image][\/et_pb_column][et_pb_column type=\u00a0\u00bb1_2&Prime; _builder_version=\u00a0\u00bb4.25.1&Prime; _module_preset=\u00a0\u00bbdefault\u00a0\u00bb animation_style=\u00a0\u00bbfade\u00a0\u00bb global_colors_info=\u00a0\u00bb{}\u00a0\u00bb][et_pb_text _builder_version=\u00a0\u00bb4.25.1&Prime; _module_preset=\u00a0\u00bbdefault\u00a0\u00bb text_font=\u00a0\u00bbTheW NYC Regular||||||||\u00a0\u00bb text_font_size=\u00a0\u00bb30px\u00a0\u00bb text_line_height=\u00a0\u00bb1.3em\u00a0\u00bb width_tablet=\u00a0\u00bb\u00a0\u00bb width_phone=\u00a0\u00bb\u00a0\u00bb width_last_edited=\u00a0\u00bbon|desktop\u00a0\u00bb text_font_size_tablet=\u00a0\u00bb32px\u00a0\u00bb text_font_size_phone=\u00a0\u00bb26px\u00a0\u00bb text_font_size_last_edited=\u00a0\u00bbon|phone\u00a0\u00bb global_colors_info=\u00a0\u00bb{}\u00a0\u00bb]<\/p>\n<p><span style=\"font-weight: 400;\">Contactez-nous pour en savoir plus sur comment nous pouvons vous aider \u00e0 promouvoir l&rsquo;\u00e9galit\u00e9 salariale au sein de votre organisation. <\/span><\/p>\n<p>[\/et_pb_text][et_pb_code _builder_version=\u00a0\u00bb4.27.0&Prime; _module_preset=\u00a0\u00bbdefault\u00a0\u00bb global_module=\u00a0\u00bb239189&Prime; global_colors_info=\u00a0\u00bb{}\u00a0\u00bb]\n<div class=\"wpcf7 no-js\" id=\"wpcf7-f239052-o1\" lang=\"fr-FR\" dir=\"ltr\" data-wpcf7-id=\"239052\">\n<div class=\"screen-reader-response\"><p role=\"status\" aria-live=\"polite\" aria-atomic=\"true\"><\/p> <ul><\/ul><\/div>\n<form action=\"\/en\/wp-json\/wp\/v2\/pages\/234537#wpcf7-f239052-o1\" method=\"post\" class=\"wpcf7-form init\" aria-label=\"Formulaire de contact\" enctype=\"multipart\/form-data\" novalidate=\"novalidate\" data-status=\"init\">\n<fieldset class=\"hidden-fields-container\"><input type=\"hidden\" name=\"_wpcf7\" value=\"239052\" \/><input type=\"hidden\" name=\"_wpcf7_version\" value=\"6.1.5\" \/><input type=\"hidden\" name=\"_wpcf7_locale\" value=\"fr_FR\" \/><input type=\"hidden\" name=\"_wpcf7_unit_tag\" value=\"wpcf7-f239052-o1\" \/><input type=\"hidden\" name=\"_wpcf7_container_post\" value=\"0\" \/><input type=\"hidden\" name=\"_wpcf7_posted_data_hash\" value=\"\" \/><input type=\"hidden\" name=\"_wpcf7cf_hidden_group_fields\" value=\"[]\" \/><input type=\"hidden\" name=\"_wpcf7cf_hidden_groups\" value=\"[]\" \/><input type=\"hidden\" name=\"_wpcf7cf_visible_groups\" value=\"[]\" \/><input type=\"hidden\" name=\"_wpcf7cf_repeaters\" value=\"[]\" \/><input type=\"hidden\" name=\"_wpcf7cf_steps\" value=\"{}\" \/><input type=\"hidden\" name=\"_wpcf7cf_options\" value=\"{&quot;form_id&quot;:239052,&quot;conditions&quot;:[{&quot;then_field&quot;:&quot;cv-pdf&quot;,&quot;and_rules&quot;:[{&quot;if_field&quot;:&quot;services&quot;,&quot;operator&quot;:&quot;equals&quot;,&quot;if_value&quot;:&quot;Postulation &amp; Offre spontan\\u00e9e&quot;}]}],&quot;settings&quot;:{&quot;animation&quot;:&quot;yes&quot;,&quot;animation_intime&quot;:200,&quot;animation_outtime&quot;:200,&quot;conditions_ui&quot;:&quot;normal&quot;,&quot;notice_dismissed&quot;:true}}\" \/>\n<\/fieldset>\n<div class=\"contact-form-services contact-form-CTA-select\">\n\t<div class=\"form-fields-info\">\n\t\t<div class=\"form-field field-text nom\">\n\t\t\t<p>Nom\n\t\t\t<\/p>\n\t\t\t<p><span class=\"wpcf7-form-control-wrap\" data-name=\"nom\"><input size=\"40\" maxlength=\"400\" class=\"wpcf7-form-control wpcf7-text wpcf7-validates-as-required\" aria-required=\"true\" aria-invalid=\"false\" value=\"\" type=\"text\" name=\"nom\" \/><\/span>\n\t\t\t<\/p>\n\t\t<\/div>\n\t\t<div class=\"form-field field-text prenom\">\n\t\t\t<p>Pr\u00e9nom\n\t\t\t<\/p>\n\t\t\t<p><span class=\"wpcf7-form-control-wrap\" data-name=\"prenom\"><input size=\"40\" maxlength=\"400\" class=\"wpcf7-form-control wpcf7-text wpcf7-validates-as-required\" aria-required=\"true\" aria-invalid=\"false\" value=\"\" type=\"text\" name=\"prenom\" \/><\/span>\n\t\t\t<\/p>\n\t\t<\/div>\n\t\t<div class=\"form-field field-text email\">\n\t\t\t<p>Email\n\t\t\t<\/p>\n\t\t\t<p><span class=\"wpcf7-form-control-wrap\" data-name=\"email\"><input size=\"40\" maxlength=\"400\" class=\"wpcf7-form-control wpcf7-email wpcf7-validates-as-required wpcf7-text wpcf7-validates-as-email\" aria-required=\"true\" aria-invalid=\"false\" value=\"\" type=\"email\" name=\"email\" \/><\/span>\n\t\t\t<\/p>\n\t\t<\/div>\n\t\t<div class=\"form-field field-text telephone\">\n\t\t\t<p>T\u00e9l\u00e9phone\n\t\t\t<\/p>\n\t\t\t<p><span class=\"wpcf7-form-control-wrap\" data-name=\"tel-546\"><input size=\"40\" maxlength=\"400\" class=\"wpcf7-form-control wpcf7-tel wpcf7-validates-as-required wpcf7-text wpcf7-validates-as-tel telephone-form\" aria-required=\"true\" aria-invalid=\"false\" value=\"\" type=\"tel\" name=\"tel-546\" \/><\/span>\n\t\t\t<\/p>\n\t\t<\/div>\n\t\t<div class=\"form-field field-text societe\">\n\t\t\t<p>Soci\u00e9t\u00e9 (facultatif)\n\t\t\t<\/p>\n\t\t\t<p><span class=\"wpcf7-form-control-wrap\" data-name=\"societe\"><input size=\"40\" maxlength=\"400\" class=\"wpcf7-form-control wpcf7-text\" aria-invalid=\"false\" value=\"\" type=\"text\" name=\"societe\" \/><\/span>\n\t\t\t<\/p>\n\t\t<\/div>\n\t\t<div class=\"form-field services\">\n\t\t\t<p>Par quel service \u00eates-vous int\u00e9ress\u00e9?\n\t\t\t<\/p>\n\t\t\t<div class=\"selected-services\">\n\t\t\t<\/div>\n\t\t\t<div class=\"dropdown\">\n\t\t\t\t<p><button type=\"button\" class=\"dropdown-toggle\">S\u00e9lectionnez les services<\/button>\n\t\t\t\t<\/p>\n\t\t\t\t<div class=\"dropdown-menu\">\n\t\t\t\t\t<p><span class=\"wpcf7-form-control-wrap\" data-name=\"services\"><span class=\"wpcf7-form-control wpcf7-checkbox wpcf7-validates-as-required dropdown-item\"><span class=\"wpcf7-list-item first\"><label><input type=\"checkbox\" name=\"services[]\" value=\"Audit\" \/><span class=\"wpcf7-list-item-label\">Audit<\/span><\/label><\/span><span class=\"wpcf7-list-item\"><label><input type=\"checkbox\" name=\"services[]\" value=\"Fiscalit\u00e9\" \/><span class=\"wpcf7-list-item-label\">Fiscalit\u00e9<\/span><\/label><\/span><span class=\"wpcf7-list-item\"><label><input type=\"checkbox\" name=\"services[]\" value=\"Conseil en gestion et services externalis\u00e9s\" \/><span class=\"wpcf7-list-item-label\">Conseil en gestion et services externalis\u00e9s<\/span><\/label><\/span><span class=\"wpcf7-list-item\"><label><input type=\"checkbox\" name=\"services[]\" value=\"Transactions d\u2019entreprise\" \/><span class=\"wpcf7-list-item-label\">Transactions d\u2019entreprise<\/span><\/label><\/span><span class=\"wpcf7-list-item\"><label><input type=\"checkbox\" name=\"services[]\" value=\"Conseil en entreprise et management\" \/><span class=\"wpcf7-list-item-label\">Conseil en entreprise et management<\/span><\/label><\/span><span class=\"wpcf7-list-item\"><label><input type=\"checkbox\" name=\"services[]\" value=\"Conseil juridique\" \/><span class=\"wpcf7-list-item-label\">Conseil juridique<\/span><\/label><\/span><span class=\"wpcf7-list-item\"><label><input type=\"checkbox\" name=\"services[]\" value=\"Startups &amp; Nouvelles activit\u00e9s\" \/><span class=\"wpcf7-list-item-label\">Startups &amp; Nouvelles activit\u00e9s<\/span><\/label><\/span><span class=\"wpcf7-list-item\"><label><input type=\"checkbox\" name=\"services[]\" value=\"Berney Insights\" \/><span class=\"wpcf7-list-item-label\">Berney Insights<\/span><\/label><\/span><span class=\"wpcf7-list-item last\"><label><input type=\"checkbox\" name=\"services[]\" value=\"Postulation &amp; Offre spontan\u00e9e\" \/><span class=\"wpcf7-list-item-label\">Postulation &amp; Offre spontan\u00e9e<\/span><\/label><\/span><\/span><\/span>\n\t\t\t\t\t<\/p>\n\t\t\t\t<\/div>\n\t\t\t<\/div>\n\t\t<\/div>\n\t\t<div class=\"form-field succursale\">\n\t\t\t<p>Quelle succursale souhaitez-vous contacter?\n\t\t\t<\/p>\n\t\t\t<p><span class=\"wpcf7-form-control-wrap\" data-name=\"succursale\"><select class=\"wpcf7-form-control wpcf7-select wpcf7-validates-as-required\" aria-required=\"true\" aria-invalid=\"false\" name=\"succursale\"><option value=\"\">&#8212;Veuillez choisir une option&#8212;<\/option><option value=\"Gen\u00e8ve\">Gen\u00e8ve<\/option><option value=\"Lausanne\">Lausanne<\/option><option value=\"Fribourg\">Fribourg<\/option><option value=\"Nyon\">Nyon<\/option><\/select><\/span>\n\t\t\t<\/p>\n\t\t<\/div>\n\t\t<div class=\"form-field cv\">\n\t\t\t<div data-id=\"cv-pdf\" data-orig_data_id=\"cv-pdf\"  class=\"\" data-class=\"wpcf7cf_group\">\n\t\t\t\t<p>Transmettez votre CV au format PDF\n\t\t\t\t<\/p>\n\t\t\t\t<p><span class=\"wpcf7-form-control-wrap\" data-name=\"cv\"><input size=\"40\" class=\"wpcf7-form-control wpcf7-file\" accept=\".pdf\" aria-invalid=\"false\" type=\"file\" name=\"cv\" \/><\/span>\n\t\t\t\t<\/p>\n\t\t\t<\/div>\n\t\t<\/div>\n\t<\/div>\n\t<div class=\"form-field field-text message\">\n\t\t<p>Votre message\n\t\t<\/p>\n\t\t<p><span class=\"wpcf7-form-control-wrap\" data-name=\"message\"><textarea cols=\"40\" rows=\"3\" maxlength=\"2000\" class=\"wpcf7-form-control wpcf7-textarea\" aria-invalid=\"false\" name=\"message\"><\/textarea><\/span>\n\t\t<\/p>\n\t<\/div>\n\t<div class=\"form-field btn-submit\">\n\t\t<p><input class=\"wpcf7-form-control wpcf7-submit has-spinner\" type=\"submit\" value=\"Envoyer\" \/>\n\t\t<\/p>\n\t<\/div>\n<\/div><div class=\"wpcf7-response-output\" aria-hidden=\"true\"><\/div>\n<\/form>\n<\/div>\n<!-- [et_pb_line_break_holder] --><!-- [et_pb_line_break_holder] --><script><!-- [et_pb_line_break_holder] -->document.addEventListener('DOMContentLoaded', function () {<!-- [et_pb_line_break_holder] -->    var dropdownToggles = document.querySelectorAll('.dropdown-toggle');<!-- [et_pb_line_break_holder] -->    var dropdownMenus = document.querySelectorAll('.dropdown-menu');<!-- [et_pb_line_break_holder] --><!-- [et_pb_line_break_holder] -->    dropdownToggles.forEach(function(dropdownToggle, index) {<!-- [et_pb_line_break_holder] -->        var dropdownMenu = dropdownMenus[index];<!-- [et_pb_line_break_holder] -->        var selectedServicesContainer = dropdownMenu.closest('.form-field').querySelector('.selected-services');<!-- [et_pb_line_break_holder] -->        var form = dropdownMenu.closest('form');<!-- [et_pb_line_break_holder] --><!-- [et_pb_line_break_holder] -->        if (dropdownToggle && dropdownMenu) {<!-- [et_pb_line_break_holder] -->            dropdownToggle.addEventListener('click', function () {<!-- [et_pb_line_break_holder] -->                dropdownMenu.classList.toggle('active');<!-- [et_pb_line_break_holder] -->            });<!-- [et_pb_line_break_holder] --><!-- [et_pb_line_break_holder] -->            var checkboxes = dropdownMenu.querySelectorAll('input[type=\"checkbox\"]');<!-- [et_pb_line_break_holder] -->            if (checkboxes) {<!-- [et_pb_line_break_holder] -->                checkboxes.forEach(function (checkbox) {<!-- [et_pb_line_break_holder] -->                    checkbox.addEventListener('change', function () {<!-- [et_pb_line_break_holder] -->                        updateSelectedServices(checkboxes, selectedServicesContainer);<!-- [et_pb_line_break_holder] -->                    });<!-- [et_pb_line_break_holder] -->                });<!-- [et_pb_line_break_holder] -->            }<!-- [et_pb_line_break_holder] -->        }<!-- [et_pb_line_break_holder] --><!-- [et_pb_line_break_holder] -->        \/\/ Ajout d'un \u00e9v\u00e9nement pour r\u00e9initialiser les services apr\u00e8s envoi du formulaire<!-- [et_pb_line_break_holder] -->        if (form) {<!-- [et_pb_line_break_holder] -->            form.addEventListener('submit', function () {<!-- [et_pb_line_break_holder] -->                \/\/ Attendre que l'envoi soit termin\u00e9 pour r\u00e9initialiser<!-- [et_pb_line_break_holder] -->                setTimeout(function () {<!-- [et_pb_line_break_holder] -->                    checkboxes.forEach(function (checkbox) {<!-- [et_pb_line_break_holder] -->                        checkbox.checked = false;<!-- [et_pb_line_break_holder] -->                    });<!-- [et_pb_line_break_holder] -->                    updateSelectedServices(checkboxes, selectedServicesContainer);<!-- [et_pb_line_break_holder] -->                }, 100);<!-- [et_pb_line_break_holder] -->            });<!-- [et_pb_line_break_holder] -->        }<!-- [et_pb_line_break_holder] -->    });<!-- [et_pb_line_break_holder] --><!-- [et_pb_line_break_holder] -->    function updateSelectedServices(checkboxes, selectedServicesContainer) {<!-- [et_pb_line_break_holder] -->        selectedServicesContainer.innerHTML = ''; \/\/ Clear previous selections<!-- [et_pb_line_break_holder] --><!-- [et_pb_line_break_holder] -->        checkboxes.forEach(function (checkbox) {<!-- [et_pb_line_break_holder] -->            if (checkbox.checked) {<!-- [et_pb_line_break_holder] -->                var service = document.createElement('div');<!-- [et_pb_line_break_holder] -->                service.className = 'selected-service';<!-- [et_pb_line_break_holder] -->                service.textContent = checkbox.nextSibling.textContent.trim();<!-- [et_pb_line_break_holder] --><!-- [et_pb_line_break_holder] -->                \/\/ Create the remove button<!-- [et_pb_line_break_holder] -->                var removeBtn = document.createElement('button');<!-- [et_pb_line_break_holder] -->                removeBtn.className = 'remove-service';<!-- [et_pb_line_break_holder] -->                removeBtn.textContent = '\u00d7';<!-- [et_pb_line_break_holder] -->                removeBtn.addEventListener('click', function () {<!-- [et_pb_line_break_holder] -->                    checkbox.checked = false;<!-- [et_pb_line_break_holder] -->                    updateSelectedServices(checkboxes, selectedServicesContainer);<!-- [et_pb_line_break_holder] -->                });<!-- [et_pb_line_break_holder] --><!-- [et_pb_line_break_holder] -->                service.appendChild(removeBtn);<!-- [et_pb_line_break_holder] -->                selectedServicesContainer.appendChild(service);<!-- [et_pb_line_break_holder] -->            }<!-- [et_pb_line_break_holder] -->        });<!-- [et_pb_line_break_holder] -->    }<!-- [et_pb_line_break_holder] -->});<!-- [et_pb_line_break_holder] --><!-- [et_pb_line_break_holder] --><!-- [et_pb_line_break_holder] --><!-- [et_pb_line_break_holder] --><\/script><!-- [et_pb_line_break_holder] -->[\/et_pb_code][\/et_pb_column][\/et_pb_row][\/et_pb_section]<\/p>\n","protected":false},"excerpt":{"rendered":"<p>Chez Berney Associ\u00e9s, nous offrons un accompagnement complet pour l&rsquo;analyse de l&rsquo;\u00e9galit\u00e9 salariale au sein de votre soci\u00e9t\u00e9.Conform\u00e9ment \u00e0 la l\u00e9gislation suisse r\u00e9cente, qui vise \u00e0 \u00e9liminer les disparit\u00e9s salariales entre femmes et hommes, les entreprises sont d\u00e9sormais tenues de r\u00e9aliser et de v\u00e9rifier r\u00e9guli\u00e8rement une analyse de l&rsquo;\u00e9galit\u00e9 salariale. Cette mesure vise \u00e0 garantir [&hellip;]<\/p>\n","protected":false},"author":2,"featured_media":0,"parent":29012,"menu_order":0,"comment_status":"closed","ping_status":"closed","template":"","meta":{"_acf_changed":false,"_et_pb_use_builder":"on","_et_pb_old_content":"","_et_gb_content_width":"","inline_featured_image":false,"footnotes":"","_links_to":"","_links_to_target":""},"class_list":["post-234537","page","type-page","status-publish","format-standard","hentry"],"acf":[],"yoast_head":"<!-- This site is optimized with the Yoast SEO plugin v27.4 - https:\/\/yoast.com\/product\/yoast-seo-wordpress\/ -->\n<title>Audit de l&#039;\u00e9galit\u00e9 salariale - Berney Associ\u00e9s SA<\/title>\n<meta name=\"description\" content=\"Nous accompagnons nos clients dans la r\u00e9ussite de leurs affaires, de g\u00e9n\u00e9ration en g\u00e9n\u00e9ration. Berney Associ\u00e9s, fiduciaire en Suisse romande. D\u00e9couvrez tous nos services sur mesure.\" \/>\n<meta name=\"robots\" content=\"index, follow, max-snippet:-1, max-image-preview:large, max-video-preview:-1\" \/>\n<link rel=\"canonical\" href=\"https:\/\/berneyassocies.com\/en\/companies-and-organisations\/audit\/audit-de-legalite-salariale\/\" \/>\n<meta property=\"og:locale\" content=\"en_GB\" \/>\n<meta property=\"og:type\" content=\"article\" \/>\n<meta property=\"og:title\" content=\"Audit de l&#039;\u00e9galit\u00e9 salariale - Berney Associ\u00e9s SA\" \/>\n<meta property=\"og:description\" content=\"Nous accompagnons nos clients dans la r\u00e9ussite de leurs affaires, de g\u00e9n\u00e9ration en g\u00e9n\u00e9ration. Berney Associ\u00e9s, fiduciaire en Suisse romande. D\u00e9couvrez tous nos services sur mesure.\" \/>\n<meta property=\"og:url\" content=\"https:\/\/berneyassocies.com\/en\/wp-json\/wp\/v2\/pages\/234537\" \/>\n<meta property=\"og:site_name\" content=\"Berney Associ\u00e9s SA\" \/>\n<meta property=\"article:modified_time\" content=\"2025-11-18T13:04:12+00:00\" \/>\n<meta property=\"og:image\" content=\"https:\/\/berneyassocies.com\/wp-content\/uploads\/2024\/05\/berney-associes-fiduciaire-suisse-romande-Accueil-003.webp\" \/>\n\t<meta property=\"og:image:width\" content=\"635\" \/>\n\t<meta property=\"og:image:height\" content=\"800\" \/>\n\t<meta property=\"og:image:type\" content=\"image\/webp\" \/>\n<meta name=\"twitter:card\" content=\"summary_large_image\" \/>\n<meta name=\"twitter:label1\" content=\"Estimated reading time\" \/>\n\t<meta name=\"twitter:data1\" content=\"2 minutes\" \/>\n<script type=\"application\/ld+json\" class=\"yoast-schema-graph\">{\"@context\":\"https:\\\/\\\/schema.org\",\"@graph\":[{\"@type\":\"WebPage\",\"@id\":\"https:\\\/\\\/berneyassocies.com\\\/entreprises-et-organisations\\\/audit\\\/audit-de-legalite-salariale\\\/\",\"url\":\"https:\\\/\\\/berneyassocies.com\\\/entreprises-et-organisations\\\/audit\\\/audit-de-legalite-salariale\\\/\",\"name\":\"Audit de l'\u00e9galit\u00e9 salariale - Berney Associ\u00e9s SA\",\"isPartOf\":{\"@id\":\"https:\\\/\\\/berneyassocies.com\\\/#website\"},\"datePublished\":\"2024-04-25T13:48:30+00:00\",\"dateModified\":\"2025-11-18T13:04:12+00:00\",\"description\":\"Nous accompagnons nos clients dans la r\u00e9ussite de leurs affaires, de g\u00e9n\u00e9ration en g\u00e9n\u00e9ration. Berney Associ\u00e9s, fiduciaire en Suisse romande. D\u00e9couvrez tous nos services sur mesure.\",\"breadcrumb\":{\"@id\":\"https:\\\/\\\/berneyassocies.com\\\/entreprises-et-organisations\\\/audit\\\/audit-de-legalite-salariale\\\/#breadcrumb\"},\"inLanguage\":\"en-GB\",\"potentialAction\":[{\"@type\":\"ReadAction\",\"target\":[\"https:\\\/\\\/berneyassocies.com\\\/entreprises-et-organisations\\\/audit\\\/audit-de-legalite-salariale\\\/\"]}]},{\"@type\":\"BreadcrumbList\",\"@id\":\"https:\\\/\\\/berneyassocies.com\\\/entreprises-et-organisations\\\/audit\\\/audit-de-legalite-salariale\\\/#breadcrumb\",\"itemListElement\":[{\"@type\":\"ListItem\",\"position\":1,\"name\":\"Entreprises &#038; Organisations\",\"item\":\"https:\\\/\\\/berneyassocies.com\\\/entreprises-et-organisations\\\/\"},{\"@type\":\"ListItem\",\"position\":2,\"name\":\"Audit\",\"item\":\"https:\\\/\\\/berneyassocies.com\\\/entreprises-et-organisations\\\/audit\\\/\"},{\"@type\":\"ListItem\",\"position\":3,\"name\":\"Audit de l&rsquo;\u00e9galit\u00e9 salariale\"}]},{\"@type\":\"WebSite\",\"@id\":\"https:\\\/\\\/berneyassocies.com\\\/#website\",\"url\":\"https:\\\/\\\/berneyassocies.com\\\/\",\"name\":\"Berney Associ\u00e9s SA\",\"description\":\"Votre fiduciaire en Suisse romande\",\"publisher\":{\"@id\":\"https:\\\/\\\/berneyassocies.com\\\/#organization\"},\"alternateName\":\"Votre fiduciaire en Suisse romande\",\"potentialAction\":[{\"@type\":\"SearchAction\",\"target\":{\"@type\":\"EntryPoint\",\"urlTemplate\":\"https:\\\/\\\/berneyassocies.com\\\/?s={search_term_string}\"},\"query-input\":{\"@type\":\"PropertyValueSpecification\",\"valueRequired\":true,\"valueName\":\"search_term_string\"}}],\"inLanguage\":\"en-GB\"},{\"@type\":\"Organization\",\"@id\":\"https:\\\/\\\/berneyassocies.com\\\/#organization\",\"name\":\"Berney Associ\u00e9s SA\",\"alternateName\":\"Votre fiduciaire en Suisse romande\",\"url\":\"https:\\\/\\\/berneyassocies.com\\\/\",\"logo\":{\"@type\":\"ImageObject\",\"inLanguage\":\"en-GB\",\"@id\":\"https:\\\/\\\/berneyassocies.com\\\/#\\\/schema\\\/logo\\\/image\\\/\",\"url\":\"https:\\\/\\\/berneyassocies.com\\\/wp-content\\\/uploads\\\/2025\\\/05\\\/Berney-Associes-Votre-Fiduciaire-en-Suisse-Romande.png\",\"contentUrl\":\"https:\\\/\\\/berneyassocies.com\\\/wp-content\\\/uploads\\\/2025\\\/05\\\/Berney-Associes-Votre-Fiduciaire-en-Suisse-Romande.png\",\"width\":1200,\"height\":628,\"caption\":\"Berney Associ\u00e9s SA\"},\"image\":{\"@id\":\"https:\\\/\\\/berneyassocies.com\\\/#\\\/schema\\\/logo\\\/image\\\/\"},\"sameAs\":[\"https:\\\/\\\/www.linkedin.com\\\/company\\\/berney-associ-s\\\/?originalSubdomain=fr\",\"https:\\\/\\\/www.instagram.com\\\/berneyassocies\\\/\",\"https:\\\/\\\/www.youtube.com\\\/channel\\\/UCRPy3E8GsTbCeg0qWpCmkpw\"]}]}<\/script>\n<!-- \/ Yoast SEO plugin. -->","yoast_head_json":{"title":"Audit de l'\u00e9galit\u00e9 salariale - Berney Associ\u00e9s SA","description":"We support our clients in the success of their business, from generation to generation. Berney Associ\u00e9s, fiduciary in French-speaking Switzerland. Discover all our tailor-made services.","robots":{"index":"index","follow":"follow","max-snippet":"max-snippet:-1","max-image-preview":"max-image-preview:large","max-video-preview":"max-video-preview:-1"},"canonical":"https:\/\/berneyassocies.com\/en\/companies-and-organisations\/audit\/audit-de-legalite-salariale\/","og_locale":"en_GB","og_type":"article","og_title":"Audit de l'\u00e9galit\u00e9 salariale - Berney Associ\u00e9s SA","og_description":"Nous accompagnons nos clients dans la r\u00e9ussite de leurs affaires, de g\u00e9n\u00e9ration en g\u00e9n\u00e9ration. Berney Associ\u00e9s, fiduciaire en Suisse romande. D\u00e9couvrez tous nos services sur mesure.","og_url":"https:\/\/berneyassocies.com\/en\/wp-json\/wp\/v2\/pages\/234537","og_site_name":"Berney Associ\u00e9s SA","article_modified_time":"2025-11-18T13:04:12+00:00","og_image":[{"width":635,"height":800,"url":"https:\/\/berneyassocies.com\/wp-content\/uploads\/2024\/05\/berney-associes-fiduciaire-suisse-romande-Accueil-003.webp","type":"image\/webp"}],"twitter_card":"summary_large_image","twitter_misc":{"Estimated reading time":"2 minutes"},"schema":{"@context":"https:\/\/schema.org","@graph":[{"@type":"WebPage","@id":"https:\/\/berneyassocies.com\/entreprises-et-organisations\/audit\/audit-de-legalite-salariale\/","url":"https:\/\/berneyassocies.com\/entreprises-et-organisations\/audit\/audit-de-legalite-salariale\/","name":"Audit de l'\u00e9galit\u00e9 salariale - Berney Associ\u00e9s SA","isPartOf":{"@id":"https:\/\/berneyassocies.com\/#website"},"datePublished":"2024-04-25T13:48:30+00:00","dateModified":"2025-11-18T13:04:12+00:00","description":"We support our clients in the success of their business, from generation to generation. Berney Associ\u00e9s, fiduciary in French-speaking Switzerland. Discover all our tailor-made services.","breadcrumb":{"@id":"https:\/\/berneyassocies.com\/entreprises-et-organisations\/audit\/audit-de-legalite-salariale\/#breadcrumb"},"inLanguage":"en-GB","potentialAction":[{"@type":"ReadAction","target":["https:\/\/berneyassocies.com\/entreprises-et-organisations\/audit\/audit-de-legalite-salariale\/"]}]},{"@type":"BreadcrumbList","@id":"https:\/\/berneyassocies.com\/entreprises-et-organisations\/audit\/audit-de-legalite-salariale\/#breadcrumb","itemListElement":[{"@type":"ListItem","position":1,"name":"Entreprises &#038; Organisations","item":"https:\/\/berneyassocies.com\/entreprises-et-organisations\/"},{"@type":"ListItem","position":2,"name":"Audit","item":"https:\/\/berneyassocies.com\/entreprises-et-organisations\/audit\/"},{"@type":"ListItem","position":3,"name":"Audit de l&rsquo;\u00e9galit\u00e9 salariale"}]},{"@type":"WebSite","@id":"https:\/\/berneyassocies.com\/#website","url":"https:\/\/berneyassocies.com\/","name":"Berney Associ\u00e9s SA","description":"Your trust company in French-speaking Switzerland","publisher":{"@id":"https:\/\/berneyassocies.com\/#organization"},"alternateName":"Votre fiduciaire en Suisse romande","potentialAction":[{"@type":"SearchAction","target":{"@type":"EntryPoint","urlTemplate":"https:\/\/berneyassocies.com\/?s={search_term_string}"},"query-input":{"@type":"PropertyValueSpecification","valueRequired":true,"valueName":"search_term_string"}}],"inLanguage":"en-GB"},{"@type":"Organization","@id":"https:\/\/berneyassocies.com\/#organization","name":"Berney Associ\u00e9s SA","alternateName":"Votre fiduciaire en Suisse romande","url":"https:\/\/berneyassocies.com\/","logo":{"@type":"ImageObject","inLanguage":"en-GB","@id":"https:\/\/berneyassocies.com\/#\/schema\/logo\/image\/","url":"https:\/\/berneyassocies.com\/wp-content\/uploads\/2025\/05\/Berney-Associes-Votre-Fiduciaire-en-Suisse-Romande.png","contentUrl":"https:\/\/berneyassocies.com\/wp-content\/uploads\/2025\/05\/Berney-Associes-Votre-Fiduciaire-en-Suisse-Romande.png","width":1200,"height":628,"caption":"Berney Associ\u00e9s SA"},"image":{"@id":"https:\/\/berneyassocies.com\/#\/schema\/logo\/image\/"},"sameAs":["https:\/\/www.linkedin.com\/company\/berney-associ-s\/?originalSubdomain=fr","https:\/\/www.instagram.com\/berneyassocies\/","https:\/\/www.youtube.com\/channel\/UCRPy3E8GsTbCeg0qWpCmkpw"]}]}},"_links":{"self":[{"href":"https:\/\/berneyassocies.com\/en\/wp-json\/wp\/v2\/pages\/234537","targetHints":{"allow":["GET"]}}],"collection":[{"href":"https:\/\/berneyassocies.com\/en\/wp-json\/wp\/v2\/pages"}],"about":[{"href":"https:\/\/berneyassocies.com\/en\/wp-json\/wp\/v2\/types\/page"}],"author":[{"embeddable":true,"href":"https:\/\/berneyassocies.com\/en\/wp-json\/wp\/v2\/users\/2"}],"replies":[{"embeddable":true,"href":"https:\/\/berneyassocies.com\/en\/wp-json\/wp\/v2\/comments?post=234537"}],"version-history":[{"count":18,"href":"https:\/\/berneyassocies.com\/en\/wp-json\/wp\/v2\/pages\/234537\/revisions"}],"predecessor-version":[{"id":243068,"href":"https:\/\/berneyassocies.com\/en\/wp-json\/wp\/v2\/pages\/234537\/revisions\/243068"}],"up":[{"embeddable":true,"href":"https:\/\/berneyassocies.com\/en\/wp-json\/wp\/v2\/pages\/29012"}],"wp:attachment":[{"href":"https:\/\/berneyassocies.com\/en\/wp-json\/wp\/v2\/media?parent=234537"}],"curies":[{"name":"wp","href":"https:\/\/api.w.org\/{rel}","templated":true}]}}